{"id":711,"date":"2021-03-04T12:44:52","date_gmt":"2021-03-04T12:44:52","guid":{"rendered":"https:\/\/www.cristina-flamenco.ch\/vita\/"},"modified":"2025-06-01T16:44:51","modified_gmt":"2025-06-01T16:44:51","slug":"vita","status":"publish","type":"page","link":"https:\/\/www.cristina-flamenco.ch\/es\/vita\/","title":{"rendered":"Vita"},"content":{"rendered":"\n<h2 class=\"wp-block-heading\">Cristina Haas Wilms Vita<\/h2>\n\n\n<table>\n<tbody>\n<tr>\n<td width=\"220\">25 de mayo 2025<\/td>\n<td>\n<p>Baile flamenco en la \u00abnoche larga de la iglesia\u00bb, ref. Kirche Untersiggenthal<br \/><a href=\"https:\/\/www.cristina-flamenco.ch\/wp-content\/uploads\/2025\/06\/2025_05_23_lange-nacht-kirchen__24-scaled.jpg\"><img loading=\"lazy\" decoding=\"async\" class=\"alignnone wp-image-1955 size-medium\" src=\"https:\/\/www.cristina-flamenco.ch\/wp-content\/uploads\/2025\/06\/2025_05_23_lange-nacht-kirchen__24-300x200.jpg\" alt=\"\" width=\"300\" height=\"200\" srcset=\"https:\/\/www.cristina-flamenco.ch\/wp-content\/uploads\/2025\/06\/2025_05_23_lange-nacht-kirchen__24-300x200.jpg 300w, https:\/\/www.cristina-flamenco.ch\/wp-content\/uploads\/2025\/06\/2025_05_23_lange-nacht-kirchen__24-1024x683.jpg 1024w, https:\/\/www.cristina-flamenco.ch\/wp-content\/uploads\/2025\/06\/2025_05_23_lange-nacht-kirchen__24-768x512.jpg 768w, https:\/\/www.cristina-flamenco.ch\/wp-content\/uploads\/2025\/06\/2025_05_23_lange-nacht-kirchen__24-1536x1025.jpg 1536w, https:\/\/www.cristina-flamenco.ch\/wp-content\/uploads\/2025\/06\/2025_05_23_lange-nacht-kirchen__24-2048x1366.jpg 2048w, https:\/\/www.cristina-flamenco.ch\/wp-content\/uploads\/2025\/06\/2025_05_23_lange-nacht-kirchen__24-450x300.jpg 450w\" sizes=\"auto, (max-width: 300px) 100vw, 300px\" \/><\/a> <a href=\"https:\/\/www.cristina-flamenco.ch\/wp-content\/uploads\/2025\/06\/2025_05_23_lange-nacht-kirchen__31-scaled.jpg\"><img loading=\"lazy\" decoding=\"async\" class=\"alignnone wp-image-1957 size-medium\" src=\"https:\/\/www.cristina-flamenco.ch\/wp-content\/uploads\/2025\/06\/2025_05_23_lange-nacht-kirchen__31-300x200.jpg\" alt=\"\" width=\"300\" height=\"200\" srcset=\"https:\/\/www.cristina-flamenco.ch\/wp-content\/uploads\/2025\/06\/2025_05_23_lange-nacht-kirchen__31-300x200.jpg 300w, https:\/\/www.cristina-flamenco.ch\/wp-content\/uploads\/2025\/06\/2025_05_23_lange-nacht-kirchen__31-1024x683.jpg 1024w, https:\/\/www.cristina-flamenco.ch\/wp-content\/uploads\/2025\/06\/2025_05_23_lange-nacht-kirchen__31-768x512.jpg 768w, https:\/\/www.cristina-flamenco.ch\/wp-content\/uploads\/2025\/06\/2025_05_23_lange-nacht-kirchen__31-1536x1025.jpg 1536w, https:\/\/www.cristina-flamenco.ch\/wp-content\/uploads\/2025\/06\/2025_05_23_lange-nacht-kirchen__31-2048x1366.jpg 2048w, https:\/\/www.cristina-flamenco.ch\/wp-content\/uploads\/2025\/06\/2025_05_23_lange-nacht-kirchen__31-450x300.jpg 450w\" sizes=\"auto, (max-width: 300px) 100vw, 300px\" \/><\/a><\/p>\n<p><a href=\"https:\/\/www.cristina-flamenco.ch\/wp-content\/uploads\/2025\/06\/2025_05_23_lange-nacht-kirchen__37-scaled.jpg\"><img loading=\"lazy\" decoding=\"async\" class=\"alignnone wp-image-1959 size-medium\" src=\"https:\/\/www.cristina-flamenco.ch\/wp-content\/uploads\/2025\/06\/2025_05_23_lange-nacht-kirchen__37-300x200.jpg\" alt=\"\" width=\"300\" height=\"200\" srcset=\"https:\/\/www.cristina-flamenco.ch\/wp-content\/uploads\/2025\/06\/2025_05_23_lange-nacht-kirchen__37-300x200.jpg 300w, https:\/\/www.cristina-flamenco.ch\/wp-content\/uploads\/2025\/06\/2025_05_23_lange-nacht-kirchen__37-1024x683.jpg 1024w, https:\/\/www.cristina-flamenco.ch\/wp-content\/uploads\/2025\/06\/2025_05_23_lange-nacht-kirchen__37-768x512.jpg 768w, https:\/\/www.cristina-flamenco.ch\/wp-content\/uploads\/2025\/06\/2025_05_23_lange-nacht-kirchen__37-1536x1025.jpg 1536w, https:\/\/www.cristina-flamenco.ch\/wp-content\/uploads\/2025\/06\/2025_05_23_lange-nacht-kirchen__37-2048x1366.jpg 2048w, https:\/\/www.cristina-flamenco.ch\/wp-content\/uploads\/2025\/06\/2025_05_23_lange-nacht-kirchen__37-450x300.jpg 450w\" sizes=\"auto, (max-width: 300px) 100vw, 300px\" \/><\/a> <a href=\"https:\/\/www.cristina-flamenco.ch\/wp-content\/uploads\/2025\/06\/2025_05_23_lange-nacht-kirchen__1-scaled.jpg\"><img loading=\"lazy\" decoding=\"async\" class=\"alignnone wp-image-1961 size-medium\" src=\"https:\/\/www.cristina-flamenco.ch\/wp-content\/uploads\/2025\/06\/2025_05_23_lange-nacht-kirchen__1-300x200.jpg\" alt=\"\" width=\"300\" height=\"200\" srcset=\"https:\/\/www.cristina-flamenco.ch\/wp-content\/uploads\/2025\/06\/2025_05_23_lange-nacht-kirchen__1-300x200.jpg 300w, https:\/\/www.cristina-flamenco.ch\/wp-content\/uploads\/2025\/06\/2025_05_23_lange-nacht-kirchen__1-1024x683.jpg 1024w, https:\/\/www.cristina-flamenco.ch\/wp-content\/uploads\/2025\/06\/2025_05_23_lange-nacht-kirchen__1-768x512.jpg 768w, https:\/\/www.cristina-flamenco.ch\/wp-content\/uploads\/2025\/06\/2025_05_23_lange-nacht-kirchen__1-1536x1025.jpg 1536w, https:\/\/www.cristina-flamenco.ch\/wp-content\/uploads\/2025\/06\/2025_05_23_lange-nacht-kirchen__1-2048x1366.jpg 2048w, https:\/\/www.cristina-flamenco.ch\/wp-content\/uploads\/2025\/06\/2025_05_23_lange-nacht-kirchen__1-450x300.jpg 450w\" sizes=\"auto, (max-width: 300px) 100vw, 300px\" \/><\/a><\/p>\n<\/td>\n<\/tr>\n<\/tbody>\n<tbody>\n<tr>\n<td width=\"220\">20 de\u00a0 octubre 2024<\/td>\n<td>\n<p>Flamencokaffee espect\u00e1culo de alumnos, W\u00fcrenlingen<br \/><a href=\"https:\/\/www.cristina-flamenco.ch\/wp-content\/uploads\/2024\/12\/2024_10_20_flamenco_DSC_7537-scaled.jpg\"><img loading=\"lazy\" decoding=\"async\" class=\"alignnone wp-image-1933\" src=\"https:\/\/www.cristina-flamenco.ch\/wp-content\/uploads\/2024\/12\/2024_10_20_flamenco_DSC_7537-300x300.jpg\" alt=\"\" width=\"281\" height=\"281\" srcset=\"https:\/\/www.cristina-flamenco.ch\/wp-content\/uploads\/2024\/12\/2024_10_20_flamenco_DSC_7537-300x300.jpg 300w, https:\/\/www.cristina-flamenco.ch\/wp-content\/uploads\/2024\/12\/2024_10_20_flamenco_DSC_7537-1024x1024.jpg 1024w, https:\/\/www.cristina-flamenco.ch\/wp-content\/uploads\/2024\/12\/2024_10_20_flamenco_DSC_7537-150x150.jpg 150w, https:\/\/www.cristina-flamenco.ch\/wp-content\/uploads\/2024\/12\/2024_10_20_flamenco_DSC_7537-768x768.jpg 768w, https:\/\/www.cristina-flamenco.ch\/wp-content\/uploads\/2024\/12\/2024_10_20_flamenco_DSC_7537-1536x1536.jpg 1536w, https:\/\/www.cristina-flamenco.ch\/wp-content\/uploads\/2024\/12\/2024_10_20_flamenco_DSC_7537-2048x2048.jpg 2048w\" sizes=\"auto, (max-width: 281px) 100vw, 281px\" \/><\/a> <a href=\"https:\/\/www.cristina-flamenco.ch\/wp-content\/uploads\/2024\/12\/2024_10_20_flamenco_1I2A3563-scaled.jpg\"><img loading=\"lazy\" decoding=\"async\" class=\"alignnone wp-image-1931\" src=\"https:\/\/www.cristina-flamenco.ch\/wp-content\/uploads\/2024\/12\/2024_10_20_flamenco_1I2A3563-300x200.jpg\" alt=\"\" width=\"421\" height=\"281\" srcset=\"https:\/\/www.cristina-flamenco.ch\/wp-content\/uploads\/2024\/12\/2024_10_20_flamenco_1I2A3563-300x200.jpg 300w, https:\/\/www.cristina-flamenco.ch\/wp-content\/uploads\/2024\/12\/2024_10_20_flamenco_1I2A3563-1024x683.jpg 1024w, https:\/\/www.cristina-flamenco.ch\/wp-content\/uploads\/2024\/12\/2024_10_20_flamenco_1I2A3563-768x512.jpg 768w, https:\/\/www.cristina-flamenco.ch\/wp-content\/uploads\/2024\/12\/2024_10_20_flamenco_1I2A3563-1536x1025.jpg 1536w, https:\/\/www.cristina-flamenco.ch\/wp-content\/uploads\/2024\/12\/2024_10_20_flamenco_1I2A3563-2048x1366.jpg 2048w, https:\/\/www.cristina-flamenco.ch\/wp-content\/uploads\/2024\/12\/2024_10_20_flamenco_1I2A3563-450x300.jpg 450w\" sizes=\"auto, (max-width: 421px) 100vw, 421px\" \/><\/a><\/p>\n<p><a href=\"https:\/\/www.cristina-flamenco.ch\/wp-content\/uploads\/2024\/12\/2024_10_20_flamenco_1I2A3255-scaled.jpg\"><img loading=\"lazy\" decoding=\"async\" class=\"alignnone wp-image-1929\" src=\"https:\/\/www.cristina-flamenco.ch\/wp-content\/uploads\/2024\/12\/2024_10_20_flamenco_1I2A3255-300x300.jpg\" alt=\"\" width=\"281\" height=\"281\" srcset=\"https:\/\/www.cristina-flamenco.ch\/wp-content\/uploads\/2024\/12\/2024_10_20_flamenco_1I2A3255-300x300.jpg 300w, https:\/\/www.cristina-flamenco.ch\/wp-content\/uploads\/2024\/12\/2024_10_20_flamenco_1I2A3255-1024x1024.jpg 1024w, https:\/\/www.cristina-flamenco.ch\/wp-content\/uploads\/2024\/12\/2024_10_20_flamenco_1I2A3255-150x150.jpg 150w, https:\/\/www.cristina-flamenco.ch\/wp-content\/uploads\/2024\/12\/2024_10_20_flamenco_1I2A3255-768x768.jpg 768w, https:\/\/www.cristina-flamenco.ch\/wp-content\/uploads\/2024\/12\/2024_10_20_flamenco_1I2A3255-1536x1536.jpg 1536w, https:\/\/www.cristina-flamenco.ch\/wp-content\/uploads\/2024\/12\/2024_10_20_flamenco_1I2A3255-2048x2048.jpg 2048w\" sizes=\"auto, (max-width: 281px) 100vw, 281px\" \/><\/a> <a href=\"https:\/\/www.cristina-flamenco.ch\/wp-content\/uploads\/2024\/12\/2024_10_20_flamenco_1I2A1700-scaled.jpg\"><img loading=\"lazy\" decoding=\"async\" class=\"alignnone wp-image-1925\" src=\"https:\/\/www.cristina-flamenco.ch\/wp-content\/uploads\/2024\/12\/2024_10_20_flamenco_1I2A1700-300x279.jpg\" alt=\"\" width=\"303\" height=\"281\" srcset=\"https:\/\/www.cristina-flamenco.ch\/wp-content\/uploads\/2024\/12\/2024_10_20_flamenco_1I2A1700-300x279.jpg 300w, https:\/\/www.cristina-flamenco.ch\/wp-content\/uploads\/2024\/12\/2024_10_20_flamenco_1I2A1700-1024x951.jpg 1024w, https:\/\/www.cristina-flamenco.ch\/wp-content\/uploads\/2024\/12\/2024_10_20_flamenco_1I2A1700-768x714.jpg 768w, https:\/\/www.cristina-flamenco.ch\/wp-content\/uploads\/2024\/12\/2024_10_20_flamenco_1I2A1700-1536x1427.jpg 1536w, https:\/\/www.cristina-flamenco.ch\/wp-content\/uploads\/2024\/12\/2024_10_20_flamenco_1I2A1700-2048x1903.jpg 2048w, https:\/\/www.cristina-flamenco.ch\/wp-content\/uploads\/2024\/12\/2024_10_20_flamenco_1I2A1700-323x300.jpg 323w\" sizes=\"auto, (max-width: 303px) 100vw, 303px\" \/><\/a><\/p>\n<\/td>\n<\/tr>\n<tr>\n<td width=\"220\">24 de\u00a0 agosto 2024<\/td>\n<td>\n<p>Asociaci\u00f3n espa\u00f1ola de Zug, 60 a\u00f1os<br \/><a href=\"https:\/\/www.cristina-flamenco.ch\/wp-content\/uploads\/2024\/09\/2024_08_24_flamenco_zug_039-scaled.jpg\"><img loading=\"lazy\" decoding=\"async\" class=\"alignnone wp-image-1807\" src=\"https:\/\/www.cristina-flamenco.ch\/wp-content\/uploads\/2024\/09\/2024_08_24_flamenco_zug_039-200x300.jpg\" alt=\"\" width=\"204\" height=\"306\" srcset=\"https:\/\/www.cristina-flamenco.ch\/wp-content\/uploads\/2024\/09\/2024_08_24_flamenco_zug_039-200x300.jpg 200w, https:\/\/www.cristina-flamenco.ch\/wp-content\/uploads\/2024\/09\/2024_08_24_flamenco_zug_039-683x1024.jpg 683w, https:\/\/www.cristina-flamenco.ch\/wp-content\/uploads\/2024\/09\/2024_08_24_flamenco_zug_039-768x1151.jpg 768w, https:\/\/www.cristina-flamenco.ch\/wp-content\/uploads\/2024\/09\/2024_08_24_flamenco_zug_039-1025x1536.jpg 1025w, https:\/\/www.cristina-flamenco.ch\/wp-content\/uploads\/2024\/09\/2024_08_24_flamenco_zug_039-1366x2048.jpg 1366w, https:\/\/www.cristina-flamenco.ch\/wp-content\/uploads\/2024\/09\/2024_08_24_flamenco_zug_039-scaled.jpg 1708w\" sizes=\"auto, (max-width: 204px) 100vw, 204px\" \/><\/a> <a href=\"https:\/\/www.cristina-flamenco.ch\/wp-content\/uploads\/2024\/09\/2024_08_24_flamenco_zug_001-scaled.jpg\"><img loading=\"lazy\" decoding=\"async\" class=\"alignnone wp-image-1801\" src=\"https:\/\/www.cristina-flamenco.ch\/wp-content\/uploads\/2024\/09\/2024_08_24_flamenco_zug_001-300x200.jpg\" alt=\"\" width=\"454\" height=\"302\" srcset=\"https:\/\/www.cristina-flamenco.ch\/wp-content\/uploads\/2024\/09\/2024_08_24_flamenco_zug_001-300x200.jpg 300w, https:\/\/www.cristina-flamenco.ch\/wp-content\/uploads\/2024\/09\/2024_08_24_flamenco_zug_001-1024x683.jpg 1024w, https:\/\/www.cristina-flamenco.ch\/wp-content\/uploads\/2024\/09\/2024_08_24_flamenco_zug_001-768x512.jpg 768w, https:\/\/www.cristina-flamenco.ch\/wp-content\/uploads\/2024\/09\/2024_08_24_flamenco_zug_001-1536x1024.jpg 1536w, https:\/\/www.cristina-flamenco.ch\/wp-content\/uploads\/2024\/09\/2024_08_24_flamenco_zug_001-2048x1366.jpg 2048w, https:\/\/www.cristina-flamenco.ch\/wp-content\/uploads\/2024\/09\/2024_08_24_flamenco_zug_001-450x300.jpg 450w\" sizes=\"auto, (max-width: 454px) 100vw, 454px\" \/><\/a><\/p>\n<p><a href=\"https:\/\/www.cristina-flamenco.ch\/wp-content\/uploads\/2024\/09\/2024_08_24_flamenco_zug_196-scaled.jpg\"><img loading=\"lazy\" decoding=\"async\" class=\"alignnone wp-image-1805\" src=\"https:\/\/www.cristina-flamenco.ch\/wp-content\/uploads\/2024\/09\/2024_08_24_flamenco_zug_196-300x200.jpg\" alt=\"\" width=\"323\" height=\"216\" srcset=\"https:\/\/www.cristina-flamenco.ch\/wp-content\/uploads\/2024\/09\/2024_08_24_flamenco_zug_196-300x200.jpg 300w, https:\/\/www.cristina-flamenco.ch\/wp-content\/uploads\/2024\/09\/2024_08_24_flamenco_zug_196-1024x683.jpg 1024w, https:\/\/www.cristina-flamenco.ch\/wp-content\/uploads\/2024\/09\/2024_08_24_flamenco_zug_196-768x512.jpg 768w, https:\/\/www.cristina-flamenco.ch\/wp-content\/uploads\/2024\/09\/2024_08_24_flamenco_zug_196-1536x1025.jpg 1536w, https:\/\/www.cristina-flamenco.ch\/wp-content\/uploads\/2024\/09\/2024_08_24_flamenco_zug_196-2048x1366.jpg 2048w, https:\/\/www.cristina-flamenco.ch\/wp-content\/uploads\/2024\/09\/2024_08_24_flamenco_zug_196-450x300.jpg 450w\" sizes=\"auto, (max-width: 323px) 100vw, 323px\" \/><\/a> <a href=\"https:\/\/www.cristina-flamenco.ch\/wp-content\/uploads\/2024\/09\/2024_08_24_flamenco_zug_076-scaled.jpg\"><img loading=\"lazy\" decoding=\"async\" class=\"alignnone wp-image-1809 \" src=\"https:\/\/www.cristina-flamenco.ch\/wp-content\/uploads\/2024\/09\/2024_08_24_flamenco_zug_076-300x200.jpg\" alt=\"\" width=\"326\" height=\"217\" srcset=\"https:\/\/www.cristina-flamenco.ch\/wp-content\/uploads\/2024\/09\/2024_08_24_flamenco_zug_076-300x200.jpg 300w, https:\/\/www.cristina-flamenco.ch\/wp-content\/uploads\/2024\/09\/2024_08_24_flamenco_zug_076-1024x683.jpg 1024w, https:\/\/www.cristina-flamenco.ch\/wp-content\/uploads\/2024\/09\/2024_08_24_flamenco_zug_076-768x512.jpg 768w, https:\/\/www.cristina-flamenco.ch\/wp-content\/uploads\/2024\/09\/2024_08_24_flamenco_zug_076-1536x1025.jpg 1536w, https:\/\/www.cristina-flamenco.ch\/wp-content\/uploads\/2024\/09\/2024_08_24_flamenco_zug_076-2048x1366.jpg 2048w, https:\/\/www.cristina-flamenco.ch\/wp-content\/uploads\/2024\/09\/2024_08_24_flamenco_zug_076-450x300.jpg 450w\" sizes=\"auto, (max-width: 326px) 100vw, 326px\" \/><\/a><\/p>\n<\/td>\n<\/tr>\n<tr>\n<td width=\"220\">26 de\u00a0 marzo 2023<\/td>\n<td>\n<p>Flamencokaffee actuaci\u00f3n de alumnos, W\u00fcrenlingen<br \/><a href=\"https:\/\/www.cristina-flamenco.ch\/wp-content\/uploads\/2023\/05\/2023_03_26_flamencokaffee_AH_034-scaled.jpg\"><img loading=\"lazy\" decoding=\"async\" class=\"alignnone wp-image-1548 size-medium\" src=\"https:\/\/www.cristina-flamenco.ch\/wp-content\/uploads\/2023\/05\/2023_03_26_flamencokaffee_AH_034-300x200.jpg\" alt=\"\" width=\"300\" height=\"200\" srcset=\"https:\/\/www.cristina-flamenco.ch\/wp-content\/uploads\/2023\/05\/2023_03_26_flamencokaffee_AH_034-300x200.jpg 300w, https:\/\/www.cristina-flamenco.ch\/wp-content\/uploads\/2023\/05\/2023_03_26_flamencokaffee_AH_034-1024x683.jpg 1024w, https:\/\/www.cristina-flamenco.ch\/wp-content\/uploads\/2023\/05\/2023_03_26_flamencokaffee_AH_034-768x512.jpg 768w, https:\/\/www.cristina-flamenco.ch\/wp-content\/uploads\/2023\/05\/2023_03_26_flamencokaffee_AH_034-1536x1024.jpg 1536w, https:\/\/www.cristina-flamenco.ch\/wp-content\/uploads\/2023\/05\/2023_03_26_flamencokaffee_AH_034-2048x1366.jpg 2048w, https:\/\/www.cristina-flamenco.ch\/wp-content\/uploads\/2023\/05\/2023_03_26_flamencokaffee_AH_034-450x300.jpg 450w\" sizes=\"auto, (max-width: 300px) 100vw, 300px\" \/><\/a> <a href=\"https:\/\/www.cristina-flamenco.ch\/wp-content\/uploads\/2023\/05\/2023_03_26_flamencokaffee_AH_279-scaled.jpg\"><img loading=\"lazy\" decoding=\"async\" class=\"alignnone wp-image-1558 size-medium\" src=\"https:\/\/www.cristina-flamenco.ch\/wp-content\/uploads\/2023\/05\/2023_03_26_flamencokaffee_AH_279-300x200.jpg\" alt=\"\" width=\"300\" height=\"200\" srcset=\"https:\/\/www.cristina-flamenco.ch\/wp-content\/uploads\/2023\/05\/2023_03_26_flamencokaffee_AH_279-300x200.jpg 300w, https:\/\/www.cristina-flamenco.ch\/wp-content\/uploads\/2023\/05\/2023_03_26_flamencokaffee_AH_279-1024x683.jpg 1024w, https:\/\/www.cristina-flamenco.ch\/wp-content\/uploads\/2023\/05\/2023_03_26_flamencokaffee_AH_279-768x512.jpg 768w, https:\/\/www.cristina-flamenco.ch\/wp-content\/uploads\/2023\/05\/2023_03_26_flamencokaffee_AH_279-1536x1024.jpg 1536w, https:\/\/www.cristina-flamenco.ch\/wp-content\/uploads\/2023\/05\/2023_03_26_flamencokaffee_AH_279-2048x1366.jpg 2048w, https:\/\/www.cristina-flamenco.ch\/wp-content\/uploads\/2023\/05\/2023_03_26_flamencokaffee_AH_279-450x300.jpg 450w\" sizes=\"auto, (max-width: 300px) 100vw, 300px\" \/><\/a><\/p>\n<p><a href=\"https:\/\/www.cristina-flamenco.ch\/wp-content\/uploads\/2023\/05\/2023_03_26_flamencokaffee_AH_301-scaled.jpg\"><img loading=\"lazy\" decoding=\"async\" class=\"alignnone wp-image-1550 size-medium\" src=\"https:\/\/www.cristina-flamenco.ch\/wp-content\/uploads\/2023\/05\/2023_03_26_flamencokaffee_AH_301-300x200.jpg\" alt=\"\" width=\"300\" height=\"200\" srcset=\"https:\/\/www.cristina-flamenco.ch\/wp-content\/uploads\/2023\/05\/2023_03_26_flamencokaffee_AH_301-300x200.jpg 300w, https:\/\/www.cristina-flamenco.ch\/wp-content\/uploads\/2023\/05\/2023_03_26_flamencokaffee_AH_301-1024x683.jpg 1024w, https:\/\/www.cristina-flamenco.ch\/wp-content\/uploads\/2023\/05\/2023_03_26_flamencokaffee_AH_301-768x512.jpg 768w, https:\/\/www.cristina-flamenco.ch\/wp-content\/uploads\/2023\/05\/2023_03_26_flamencokaffee_AH_301-1536x1024.jpg 1536w, https:\/\/www.cristina-flamenco.ch\/wp-content\/uploads\/2023\/05\/2023_03_26_flamencokaffee_AH_301-2048x1366.jpg 2048w, https:\/\/www.cristina-flamenco.ch\/wp-content\/uploads\/2023\/05\/2023_03_26_flamencokaffee_AH_301-450x300.jpg 450w\" sizes=\"auto, (max-width: 300px) 100vw, 300px\" \/><\/a> <a href=\"https:\/\/www.cristina-flamenco.ch\/wp-content\/uploads\/2023\/05\/2023_03_26_flamencokaffee_AH_173-scaled.jpg\"><img loading=\"lazy\" decoding=\"async\" class=\"alignnone wp-image-1554 size-medium\" src=\"https:\/\/www.cristina-flamenco.ch\/wp-content\/uploads\/2023\/05\/2023_03_26_flamencokaffee_AH_173-300x200.jpg\" alt=\"\" width=\"300\" height=\"200\" srcset=\"https:\/\/www.cristina-flamenco.ch\/wp-content\/uploads\/2023\/05\/2023_03_26_flamencokaffee_AH_173-300x200.jpg 300w, https:\/\/www.cristina-flamenco.ch\/wp-content\/uploads\/2023\/05\/2023_03_26_flamencokaffee_AH_173-1024x683.jpg 1024w, https:\/\/www.cristina-flamenco.ch\/wp-content\/uploads\/2023\/05\/2023_03_26_flamencokaffee_AH_173-768x512.jpg 768w, https:\/\/www.cristina-flamenco.ch\/wp-content\/uploads\/2023\/05\/2023_03_26_flamencokaffee_AH_173-1536x1024.jpg 1536w, https:\/\/www.cristina-flamenco.ch\/wp-content\/uploads\/2023\/05\/2023_03_26_flamencokaffee_AH_173-2048x1366.jpg 2048w, https:\/\/www.cristina-flamenco.ch\/wp-content\/uploads\/2023\/05\/2023_03_26_flamencokaffee_AH_173-450x300.jpg 450w\" sizes=\"auto, (max-width: 300px) 100vw, 300px\" \/><\/a><\/p>\n<\/td>\n<\/tr>\n<\/tbody>\n<tbody>\n<tr>\n<td width=\"220\">2 de setiembre 2022<\/td>\n<td>\n<p>Teatro TaK, Berna<br \/><a href=\"https:\/\/www.cristina-flamenco.ch\/wp-content\/uploads\/2022\/09\/2022_08_wolkenblau_bea_68-scaled.jpg\"><img loading=\"lazy\" decoding=\"async\" class=\"alignnone wp-image-1298 size-medium\" src=\"https:\/\/www.cristina-flamenco.ch\/wp-content\/uploads\/2022\/09\/2022_08_wolkenblau_bea_68-300x200.jpg\" alt=\"\" width=\"300\" height=\"200\" srcset=\"https:\/\/www.cristina-flamenco.ch\/wp-content\/uploads\/2022\/09\/2022_08_wolkenblau_bea_68-300x200.jpg 300w, https:\/\/www.cristina-flamenco.ch\/wp-content\/uploads\/2022\/09\/2022_08_wolkenblau_bea_68-1024x683.jpg 1024w, https:\/\/www.cristina-flamenco.ch\/wp-content\/uploads\/2022\/09\/2022_08_wolkenblau_bea_68-768x512.jpg 768w, https:\/\/www.cristina-flamenco.ch\/wp-content\/uploads\/2022\/09\/2022_08_wolkenblau_bea_68-1536x1025.jpg 1536w, https:\/\/www.cristina-flamenco.ch\/wp-content\/uploads\/2022\/09\/2022_08_wolkenblau_bea_68-2048x1366.jpg 2048w, https:\/\/www.cristina-flamenco.ch\/wp-content\/uploads\/2022\/09\/2022_08_wolkenblau_bea_68-450x300.jpg 450w\" sizes=\"auto, (max-width: 300px) 100vw, 300px\" \/><\/a> <a href=\"https:\/\/www.cristina-flamenco.ch\/wp-content\/uploads\/2022\/09\/2022_08_wolkenblau_bea_38-scaled.jpg\"><img loading=\"lazy\" decoding=\"async\" class=\"alignnone wp-image-1292 size-medium\" src=\"https:\/\/www.cristina-flamenco.ch\/wp-content\/uploads\/2022\/09\/2022_08_wolkenblau_bea_38-300x200.jpg\" alt=\"\" width=\"300\" height=\"200\" srcset=\"https:\/\/www.cristina-flamenco.ch\/wp-content\/uploads\/2022\/09\/2022_08_wolkenblau_bea_38-300x200.jpg 300w, https:\/\/www.cristina-flamenco.ch\/wp-content\/uploads\/2022\/09\/2022_08_wolkenblau_bea_38-1024x683.jpg 1024w, https:\/\/www.cristina-flamenco.ch\/wp-content\/uploads\/2022\/09\/2022_08_wolkenblau_bea_38-768x512.jpg 768w, https:\/\/www.cristina-flamenco.ch\/wp-content\/uploads\/2022\/09\/2022_08_wolkenblau_bea_38-1536x1025.jpg 1536w, https:\/\/www.cristina-flamenco.ch\/wp-content\/uploads\/2022\/09\/2022_08_wolkenblau_bea_38-2048x1366.jpg 2048w, https:\/\/www.cristina-flamenco.ch\/wp-content\/uploads\/2022\/09\/2022_08_wolkenblau_bea_38-450x300.jpg 450w\" sizes=\"auto, (max-width: 300px) 100vw, 300px\" \/><\/a> <a href=\"https:\/\/www.cristina-flamenco.ch\/wp-content\/uploads\/2022\/09\/2022_08_wolkenblau_bea_24-scaled.jpg\"><img loading=\"lazy\" decoding=\"async\" class=\"alignnone wp-image-1300\" src=\"https:\/\/www.cristina-flamenco.ch\/wp-content\/uploads\/2022\/09\/2022_08_wolkenblau_bea_24-200x300.jpg\" alt=\"\" width=\"133\" height=\"200\" srcset=\"https:\/\/www.cristina-flamenco.ch\/wp-content\/uploads\/2022\/09\/2022_08_wolkenblau_bea_24-200x300.jpg 200w, https:\/\/www.cristina-flamenco.ch\/wp-content\/uploads\/2022\/09\/2022_08_wolkenblau_bea_24-683x1024.jpg 683w, https:\/\/www.cristina-flamenco.ch\/wp-content\/uploads\/2022\/09\/2022_08_wolkenblau_bea_24-768x1151.jpg 768w, https:\/\/www.cristina-flamenco.ch\/wp-content\/uploads\/2022\/09\/2022_08_wolkenblau_bea_24-1025x1536.jpg 1025w, https:\/\/www.cristina-flamenco.ch\/wp-content\/uploads\/2022\/09\/2022_08_wolkenblau_bea_24-1366x2048.jpg 1366w, https:\/\/www.cristina-flamenco.ch\/wp-content\/uploads\/2022\/09\/2022_08_wolkenblau_bea_24-scaled.jpg 1708w\" sizes=\"auto, (max-width: 133px) 100vw, 133px\" \/><\/a><\/p>\n<\/td>\n<\/tr>\n<tr>\n<td width=\"220\">21 de agosto 2022<\/td>\n<td>\n<p>Garnhaus im Stroppel, Untersiggenthal<br \/><a href=\"https:\/\/www.cristina-flamenco.ch\/wp-content\/uploads\/2022\/09\/2022_08_21_flamencopiano_026-scaled.jpg\"><img loading=\"lazy\" decoding=\"async\" class=\"alignnone wp-image-1302 size-medium\" src=\"https:\/\/www.cristina-flamenco.ch\/wp-content\/uploads\/2022\/09\/2022_08_21_flamencopiano_026-300x200.jpg\" alt=\"\" width=\"300\" height=\"200\" srcset=\"https:\/\/www.cristina-flamenco.ch\/wp-content\/uploads\/2022\/09\/2022_08_21_flamencopiano_026-300x200.jpg 300w, https:\/\/www.cristina-flamenco.ch\/wp-content\/uploads\/2022\/09\/2022_08_21_flamencopiano_026-1024x683.jpg 1024w, https:\/\/www.cristina-flamenco.ch\/wp-content\/uploads\/2022\/09\/2022_08_21_flamencopiano_026-768x512.jpg 768w, https:\/\/www.cristina-flamenco.ch\/wp-content\/uploads\/2022\/09\/2022_08_21_flamencopiano_026-1536x1025.jpg 1536w, https:\/\/www.cristina-flamenco.ch\/wp-content\/uploads\/2022\/09\/2022_08_21_flamencopiano_026-2048x1366.jpg 2048w, https:\/\/www.cristina-flamenco.ch\/wp-content\/uploads\/2022\/09\/2022_08_21_flamencopiano_026-450x300.jpg 450w\" sizes=\"auto, (max-width: 300px) 100vw, 300px\" \/><\/a> <a href=\"https:\/\/www.cristina-flamenco.ch\/wp-content\/uploads\/2022\/09\/2022_08_21_flamencopiano_102-scaled.jpg\"><img loading=\"lazy\" decoding=\"async\" class=\"alignnone wp-image-1308 size-medium\" src=\"https:\/\/www.cristina-flamenco.ch\/wp-content\/uploads\/2022\/09\/2022_08_21_flamencopiano_102-300x200.jpg\" alt=\"\" width=\"300\" height=\"200\" srcset=\"https:\/\/www.cristina-flamenco.ch\/wp-content\/uploads\/2022\/09\/2022_08_21_flamencopiano_102-300x200.jpg 300w, https:\/\/www.cristina-flamenco.ch\/wp-content\/uploads\/2022\/09\/2022_08_21_flamencopiano_102-1024x683.jpg 1024w, https:\/\/www.cristina-flamenco.ch\/wp-content\/uploads\/2022\/09\/2022_08_21_flamencopiano_102-768x512.jpg 768w, https:\/\/www.cristina-flamenco.ch\/wp-content\/uploads\/2022\/09\/2022_08_21_flamencopiano_102-1536x1025.jpg 1536w, https:\/\/www.cristina-flamenco.ch\/wp-content\/uploads\/2022\/09\/2022_08_21_flamencopiano_102-2048x1366.jpg 2048w, https:\/\/www.cristina-flamenco.ch\/wp-content\/uploads\/2022\/09\/2022_08_21_flamencopiano_102-450x300.jpg 450w\" sizes=\"auto, (max-width: 300px) 100vw, 300px\" \/><\/a> <a href=\"https:\/\/www.cristina-flamenco.ch\/wp-content\/uploads\/2022\/09\/2022_08_21_flamencopiano_286-scaled.jpg\"><img loading=\"lazy\" decoding=\"async\" class=\"alignnone wp-image-1306\" src=\"https:\/\/www.cristina-flamenco.ch\/wp-content\/uploads\/2022\/09\/2022_08_21_flamencopiano_286-200x300.jpg\" alt=\"\" width=\"133\" height=\"200\" srcset=\"https:\/\/www.cristina-flamenco.ch\/wp-content\/uploads\/2022\/09\/2022_08_21_flamencopiano_286-200x300.jpg 200w, https:\/\/www.cristina-flamenco.ch\/wp-content\/uploads\/2022\/09\/2022_08_21_flamencopiano_286-683x1024.jpg 683w, https:\/\/www.cristina-flamenco.ch\/wp-content\/uploads\/2022\/09\/2022_08_21_flamencopiano_286-768x1151.jpg 768w, https:\/\/www.cristina-flamenco.ch\/wp-content\/uploads\/2022\/09\/2022_08_21_flamencopiano_286-1025x1536.jpg 1025w, https:\/\/www.cristina-flamenco.ch\/wp-content\/uploads\/2022\/09\/2022_08_21_flamencopiano_286-1366x2048.jpg 1366w, https:\/\/www.cristina-flamenco.ch\/wp-content\/uploads\/2022\/09\/2022_08_21_flamencopiano_286-scaled.jpg 1708w\" sizes=\"auto, (max-width: 133px) 100vw, 133px\" \/><\/a> <a href=\"https:\/\/www.cristina-flamenco.ch\/wp-content\/uploads\/2022\/09\/Haemmernde_Absaetze_im_Garnhaus.pdf\" target=\"_blank\" rel=\"noopener\"><img loading=\"lazy\" decoding=\"async\" class=\"alignnone wp-image-1342\" src=\"https:\/\/www.cristina-flamenco.ch\/wp-content\/uploads\/2022\/09\/garnhaus-262x300.png\" alt=\"\" width=\"175\" height=\"200\" srcset=\"https:\/\/www.cristina-flamenco.ch\/wp-content\/uploads\/2022\/09\/garnhaus-262x300.png 262w, https:\/\/www.cristina-flamenco.ch\/wp-content\/uploads\/2022\/09\/garnhaus-896x1024.png 896w, https:\/\/www.cristina-flamenco.ch\/wp-content\/uploads\/2022\/09\/garnhaus-768x878.png 768w, https:\/\/www.cristina-flamenco.ch\/wp-content\/uploads\/2022\/09\/garnhaus-1344x1536.png 1344w, https:\/\/www.cristina-flamenco.ch\/wp-content\/uploads\/2022\/09\/garnhaus-1792x2048.png 1792w, https:\/\/www.cristina-flamenco.ch\/wp-content\/uploads\/2022\/09\/garnhaus.png 2040w\" sizes=\"auto, (max-width: 175px) 100vw, 175px\" \/><\/a><\/p>\n<\/td>\n<\/tr>\n<tr>\n<td width=\"220\">\n<p>22\/23 de mayo 2022<\/p>\n<\/td>\n<td>\n<p>Enjoy the Universe W\u00fcrenlingen\u00a0<br \/><a href=\"https:\/\/www.cristina-flamenco.ch\/wp-content\/uploads\/2022\/06\/20220521_EnjoyTheUniverse_OMP.Media_337-e1654676541378.jpg\"><img loading=\"lazy\" decoding=\"async\" class=\"alignnone wp-image-1169\" src=\"https:\/\/www.cristina-flamenco.ch\/wp-content\/uploads\/2022\/06\/20220521_EnjoyTheUniverse_OMP.Media_337-e1655199345376-219x300.jpg\" alt=\"\" width=\"146\" height=\"200\" srcset=\"https:\/\/www.cristina-flamenco.ch\/wp-content\/uploads\/2022\/06\/20220521_EnjoyTheUniverse_OMP.Media_337-e1655199345376-219x300.jpg 219w, https:\/\/www.cristina-flamenco.ch\/wp-content\/uploads\/2022\/06\/20220521_EnjoyTheUniverse_OMP.Media_337-e1655199345376.jpg 488w\" sizes=\"auto, (max-width: 146px) 100vw, 146px\" \/><\/a>\u00a0<a href=\"https:\/\/www.cristina-flamenco.ch\/wp-content\/uploads\/2022\/06\/20220521_EnjoyTheUniverse_OMP.Media_069-300x200.jpg\"><img loading=\"lazy\" decoding=\"async\" class=\"alignnone wp-image-1165\" src=\"https:\/\/www.cristina-flamenco.ch\/wp-content\/uploads\/2022\/06\/20220521_EnjoyTheUniverse_OMP.Media_069-300x200.jpg\" alt=\"\" width=\"300\" height=\"200\" srcset=\"https:\/\/www.cristina-flamenco.ch\/wp-content\/uploads\/2022\/06\/20220521_EnjoyTheUniverse_OMP.Media_069-300x200.jpg 300w, https:\/\/www.cristina-flamenco.ch\/wp-content\/uploads\/2022\/06\/20220521_EnjoyTheUniverse_OMP.Media_069-768x512.jpg 768w, https:\/\/www.cristina-flamenco.ch\/wp-content\/uploads\/2022\/06\/20220521_EnjoyTheUniverse_OMP.Media_069-450x300.jpg 450w, https:\/\/www.cristina-flamenco.ch\/wp-content\/uploads\/2022\/06\/20220521_EnjoyTheUniverse_OMP.Media_069.jpg 1000w\" sizes=\"auto, (max-width: 300px) 100vw, 300px\" \/> <\/a><a href=\"https:\/\/www.cristina-flamenco.ch\/wp-content\/uploads\/2022\/06\/20220521_EnjoyTheUniverse_OMP.Media_334-e1655199273480.jpg\"><img loading=\"lazy\" decoding=\"async\" class=\"alignnone wp-image-1167\" src=\"https:\/\/www.cristina-flamenco.ch\/wp-content\/uploads\/2022\/06\/20220521_EnjoyTheUniverse_OMP.Media_334-e1655199273480-232x300.jpg\" alt=\"\" width=\"154\" height=\"200\" srcset=\"https:\/\/www.cristina-flamenco.ch\/wp-content\/uploads\/2022\/06\/20220521_EnjoyTheUniverse_OMP.Media_334-e1655199273480-232x300.jpg 232w, https:\/\/www.cristina-flamenco.ch\/wp-content\/uploads\/2022\/06\/20220521_EnjoyTheUniverse_OMP.Media_334-e1655199273480.jpg 515w\" sizes=\"auto, (max-width: 154px) 100vw, 154px\" \/><\/a><\/p>\n<\/td>\n<\/tr>\n<tr>\n<td width=\"220\">26 de noviembre 2021<\/td>\n<td>\n<p>Humbug Basel\u00a0<br \/><a href=\"https:\/\/www.cristina-flamenco.ch\/wp-content\/uploads\/2021\/12\/2021_11_26_humbug_327-1-scaled.jpg\"><img loading=\"lazy\" decoding=\"async\" class=\"alignnone wp-image-1090\" src=\"https:\/\/www.cristina-flamenco.ch\/wp-content\/uploads\/2021\/12\/2021_11_26_humbug_327-1-200x300.jpg\" alt=\"\" width=\"133\" height=\"200\" srcset=\"https:\/\/www.cristina-flamenco.ch\/wp-content\/uploads\/2021\/12\/2021_11_26_humbug_327-1-200x300.jpg 200w, https:\/\/www.cristina-flamenco.ch\/wp-content\/uploads\/2021\/12\/2021_11_26_humbug_327-1-683x1024.jpg 683w, https:\/\/www.cristina-flamenco.ch\/wp-content\/uploads\/2021\/12\/2021_11_26_humbug_327-1-768x1152.jpg 768w, https:\/\/www.cristina-flamenco.ch\/wp-content\/uploads\/2021\/12\/2021_11_26_humbug_327-1-1024x1536.jpg 1024w, https:\/\/www.cristina-flamenco.ch\/wp-content\/uploads\/2021\/12\/2021_11_26_humbug_327-1-1366x2048.jpg 1366w, https:\/\/www.cristina-flamenco.ch\/wp-content\/uploads\/2021\/12\/2021_11_26_humbug_327-1-scaled.jpg 1707w\" sizes=\"auto, (max-width: 133px) 100vw, 133px\" \/><\/a> <a href=\"https:\/\/www.cristina-flamenco.ch\/wp-content\/uploads\/2021\/12\/2021_11_26_humbug_476-scaled.jpg\"><img loading=\"lazy\" decoding=\"async\" class=\"alignnone wp-image-1075 size-medium\" src=\"https:\/\/www.cristina-flamenco.ch\/wp-content\/uploads\/2021\/12\/2021_11_26_humbug_476-300x200.jpg\" alt=\"\" width=\"300\" height=\"200\" srcset=\"https:\/\/www.cristina-flamenco.ch\/wp-content\/uploads\/2021\/12\/2021_11_26_humbug_476-300x200.jpg 300w, https:\/\/www.cristina-flamenco.ch\/wp-content\/uploads\/2021\/12\/2021_11_26_humbug_476-1024x683.jpg 1024w, https:\/\/www.cristina-flamenco.ch\/wp-content\/uploads\/2021\/12\/2021_11_26_humbug_476-768x512.jpg 768w, https:\/\/www.cristina-flamenco.ch\/wp-content\/uploads\/2021\/12\/2021_11_26_humbug_476-1536x1024.jpg 1536w, https:\/\/www.cristina-flamenco.ch\/wp-content\/uploads\/2021\/12\/2021_11_26_humbug_476-2048x1366.jpg 2048w, https:\/\/www.cristina-flamenco.ch\/wp-content\/uploads\/2021\/12\/2021_11_26_humbug_476-450x300.jpg 450w\" sizes=\"auto, (max-width: 300px) 100vw, 300px\" \/><\/a> <a href=\"https:\/\/www.cristina-flamenco.ch\/wp-content\/uploads\/2021\/12\/2021_11_26_humbug_127-scaled.jpg\"><img loading=\"lazy\" decoding=\"async\" class=\"alignnone wp-image-1034\" src=\"https:\/\/www.cristina-flamenco.ch\/wp-content\/uploads\/2021\/12\/2021_11_26_humbug_127-200x300.jpg\" alt=\"\" width=\"133\" height=\"200\" srcset=\"https:\/\/www.cristina-flamenco.ch\/wp-content\/uploads\/2021\/12\/2021_11_26_humbug_127-200x300.jpg 200w, https:\/\/www.cristina-flamenco.ch\/wp-content\/uploads\/2021\/12\/2021_11_26_humbug_127-683x1024.jpg 683w, https:\/\/www.cristina-flamenco.ch\/wp-content\/uploads\/2021\/12\/2021_11_26_humbug_127-768x1152.jpg 768w, https:\/\/www.cristina-flamenco.ch\/wp-content\/uploads\/2021\/12\/2021_11_26_humbug_127-1024x1536.jpg 1024w, https:\/\/www.cristina-flamenco.ch\/wp-content\/uploads\/2021\/12\/2021_11_26_humbug_127-1366x2048.jpg 1366w, https:\/\/www.cristina-flamenco.ch\/wp-content\/uploads\/2021\/12\/2021_11_26_humbug_127-scaled.jpg 1707w\" sizes=\"auto, (max-width: 133px) 100vw, 133px\" \/><\/a><\/p>\n<\/td>\n<\/tr>\n<tr>\n<td width=\"220\">\n<p>6 de junio 2021<\/p>\n<\/td>\n<td>Sevillanas fiesta campera<br \/><a href=\"https:\/\/www.cristina-flamenco.ch\/wp-content\/uploads\/2021\/06\/2021_06_05_firmung2_82-scaled.jpg\"><img loading=\"lazy\" decoding=\"async\" class=\"alignnone wp-image-820\" src=\"https:\/\/www.cristina-flamenco.ch\/wp-content\/uploads\/2021\/06\/2021_06_05_firmung2_82-200x300.jpg\" alt=\"\" width=\"133\" height=\"200\" srcset=\"https:\/\/www.cristina-flamenco.ch\/wp-content\/uploads\/2021\/06\/2021_06_05_firmung2_82-200x300.jpg 200w, https:\/\/www.cristina-flamenco.ch\/wp-content\/uploads\/2021\/06\/2021_06_05_firmung2_82-683x1024.jpg 683w, https:\/\/www.cristina-flamenco.ch\/wp-content\/uploads\/2021\/06\/2021_06_05_firmung2_82-768x1152.jpg 768w, https:\/\/www.cristina-flamenco.ch\/wp-content\/uploads\/2021\/06\/2021_06_05_firmung2_82-1024x1536.jpg 1024w, https:\/\/www.cristina-flamenco.ch\/wp-content\/uploads\/2021\/06\/2021_06_05_firmung2_82-1365x2048.jpg 1365w, https:\/\/www.cristina-flamenco.ch\/wp-content\/uploads\/2021\/06\/2021_06_05_firmung2_82-scaled.jpg 1707w\" sizes=\"auto, (max-width: 133px) 100vw, 133px\" \/><\/a> <a href=\"https:\/\/www.cristina-flamenco.ch\/wp-content\/uploads\/2021\/06\/2021_06_05_firmung2_183-scaled.jpg\"><img loading=\"lazy\" decoding=\"async\" class=\"alignnone wp-image-826 size-medium\" src=\"https:\/\/www.cristina-flamenco.ch\/wp-content\/uploads\/2021\/06\/2021_06_05_firmung2_183-300x200.jpg\" alt=\"\" width=\"300\" height=\"200\" srcset=\"https:\/\/www.cristina-flamenco.ch\/wp-content\/uploads\/2021\/06\/2021_06_05_firmung2_183-300x200.jpg 300w, https:\/\/www.cristina-flamenco.ch\/wp-content\/uploads\/2021\/06\/2021_06_05_firmung2_183-1024x683.jpg 1024w, https:\/\/www.cristina-flamenco.ch\/wp-content\/uploads\/2021\/06\/2021_06_05_firmung2_183-768x512.jpg 768w, https:\/\/www.cristina-flamenco.ch\/wp-content\/uploads\/2021\/06\/2021_06_05_firmung2_183-1536x1024.jpg 1536w, https:\/\/www.cristina-flamenco.ch\/wp-content\/uploads\/2021\/06\/2021_06_05_firmung2_183-2048x1365.jpg 2048w, https:\/\/www.cristina-flamenco.ch\/wp-content\/uploads\/2021\/06\/2021_06_05_firmung2_183-450x300.jpg 450w\" sizes=\"auto, (max-width: 300px) 100vw, 300px\" \/><\/a> <a href=\"https:\/\/www.cristina-flamenco.ch\/wp-content\/uploads\/2021\/06\/2021_06_05_firmung2_181-scaled-e1623425553769.jpg\"><img loading=\"lazy\" decoding=\"async\" class=\"alignnone wp-image-824\" src=\"https:\/\/www.cristina-flamenco.ch\/wp-content\/uploads\/2021\/06\/2021_06_05_firmung2_181-scaled-e1623425553769-300x283.jpg\" alt=\"\" width=\"212\" height=\"200\" srcset=\"https:\/\/www.cristina-flamenco.ch\/wp-content\/uploads\/2021\/06\/2021_06_05_firmung2_181-scaled-e1623425553769-300x283.jpg 300w, https:\/\/www.cristina-flamenco.ch\/wp-content\/uploads\/2021\/06\/2021_06_05_firmung2_181-scaled-e1623425553769-1024x965.jpg 1024w, https:\/\/www.cristina-flamenco.ch\/wp-content\/uploads\/2021\/06\/2021_06_05_firmung2_181-scaled-e1623425553769-768x723.jpg 768w, https:\/\/www.cristina-flamenco.ch\/wp-content\/uploads\/2021\/06\/2021_06_05_firmung2_181-scaled-e1623425553769-1536x1447.jpg 1536w, https:\/\/www.cristina-flamenco.ch\/wp-content\/uploads\/2021\/06\/2021_06_05_firmung2_181-scaled-e1623425553769-318x300.jpg 318w, https:\/\/www.cristina-flamenco.ch\/wp-content\/uploads\/2021\/06\/2021_06_05_firmung2_181-scaled-e1623425553769.jpg 1811w\" sizes=\"auto, (max-width: 212px) 100vw, 212px\" \/><\/a><\/td>\n<\/tr>\n<tr>\n<td width=\"220\">\n<p>23 de octubre 2020<\/p>\n<\/td>\n<td>Alte Fabrik Sissach<br \/><a href=\"https:\/\/www.cristina-flamenco.ch\/wp-content\/uploads\/2021\/04\/PA230457-scaled-e1619169649674.jpg\"><img loading=\"lazy\" decoding=\"async\" class=\"alignnone wp-image-660\" src=\"https:\/\/www.cristina-flamenco.ch\/wp-content\/uploads\/2021\/04\/2020_sissach1-225x300.jpg\" alt=\"\" width=\"150\" height=\"200\" srcset=\"https:\/\/www.cristina-flamenco.ch\/wp-content\/uploads\/2021\/04\/2020_sissach1-225x300.jpg 225w, https:\/\/www.cristina-flamenco.ch\/wp-content\/uploads\/2021\/04\/2020_sissach1-769x1024.jpg 769w, https:\/\/www.cristina-flamenco.ch\/wp-content\/uploads\/2021\/04\/2020_sissach1-768x1023.jpg 768w, https:\/\/www.cristina-flamenco.ch\/wp-content\/uploads\/2021\/04\/2020_sissach1-1153x1536.jpg 1153w, https:\/\/www.cristina-flamenco.ch\/wp-content\/uploads\/2021\/04\/2020_sissach1.jpg 1390w\" sizes=\"auto, (max-width: 150px) 100vw, 150px\" \/><\/a> <a href=\"https:\/\/www.cristina-flamenco.ch\/wp-content\/uploads\/2021\/04\/2020_sissach2-e1619169933742.jpg\"><img loading=\"lazy\" decoding=\"async\" class=\"alignnone wp-image-433\" src=\"https:\/\/www.cristina-flamenco.ch\/wp-content\/uploads\/2021\/04\/2020_sissach2-e1619169835963-300x226.jpg\" alt=\"\" width=\"266\" height=\"200\" \/><\/a> [slb_exclude]<a href=\"https:\/\/www.cristina-flamenco.ch\/wp-content\/uploads\/2021\/04\/2020_sissach_zeitung.png\" target=\"_blank\" rel=\"noopener\"><img loading=\"lazy\" decoding=\"async\" class=\"alignnone wp-image-662\" src=\"https:\/\/www.cristina-flamenco.ch\/wp-content\/uploads\/2021\/04\/2020_sissach_zeitung-188x300.png\" alt=\"\" width=\"125\" height=\"200\" srcset=\"https:\/\/www.cristina-flamenco.ch\/wp-content\/uploads\/2021\/04\/2020_sissach_zeitung-188x300.png 188w, https:\/\/www.cristina-flamenco.ch\/wp-content\/uploads\/2021\/04\/2020_sissach_zeitung-641x1024.png 641w, https:\/\/www.cristina-flamenco.ch\/wp-content\/uploads\/2021\/04\/2020_sissach_zeitung.png 742w\" sizes=\"auto, (max-width: 125px) 100vw, 125px\" \/><\/a>[\/slb_exclude]<\/td>\n<\/tr>\n<tr>\n<td>\n<div><span lang=\"ES\">26 de noviembre 2019 <\/span><\/div>\n<\/td>\n<td>Theater Stok Z\u00fcrich,\u00a0<span style=\"font-family: inherit; font-size: inherit;\">festival flamenco<\/span><br \/><a href=\"https:\/\/www.cristina-flamenco.ch\/wp-content\/uploads\/2021\/04\/2019_theater_stok1-e1619170059460.jpg\"><img loading=\"lazy\" decoding=\"async\" class=\"alignnone wp-image-657 size-medium\" src=\"https:\/\/www.cristina-flamenco.ch\/wp-content\/uploads\/2021\/04\/2019_theater_stok1-e1619170059460-300x200.jpg\" alt=\"\" width=\"300\" height=\"200\" srcset=\"https:\/\/www.cristina-flamenco.ch\/wp-content\/uploads\/2021\/04\/2019_theater_stok1-e1619170059460-300x200.jpg 300w, https:\/\/www.cristina-flamenco.ch\/wp-content\/uploads\/2021\/04\/2019_theater_stok1-e1619170059460-1024x681.jpg 1024w, https:\/\/www.cristina-flamenco.ch\/wp-content\/uploads\/2021\/04\/2019_theater_stok1-e1619170059460-768x511.jpg 768w, https:\/\/www.cristina-flamenco.ch\/wp-content\/uploads\/2021\/04\/2019_theater_stok1-e1619170059460-451x300.jpg 451w, https:\/\/www.cristina-flamenco.ch\/wp-content\/uploads\/2021\/04\/2019_theater_stok1-e1619170059460.jpg 1372w\" sizes=\"auto, (max-width: 300px) 100vw, 300px\" \/><\/a> <a href=\"https:\/\/www.cristina-flamenco.ch\/wp-content\/uploads\/2021\/04\/2019_theater_stok2-e1619170139941.jpg\"><img loading=\"lazy\" decoding=\"async\" class=\"alignnone wp-image-658\" src=\"https:\/\/www.cristina-flamenco.ch\/wp-content\/uploads\/2021\/04\/2019_theater_stok2-e1619170139941-300x296.jpg\" alt=\"\" width=\"202\" height=\"200\" srcset=\"https:\/\/www.cristina-flamenco.ch\/wp-content\/uploads\/2021\/04\/2019_theater_stok2-e1619170139941-300x296.jpg 300w, https:\/\/www.cristina-flamenco.ch\/wp-content\/uploads\/2021\/04\/2019_theater_stok2-e1619170139941-150x150.jpg 150w, https:\/\/www.cristina-flamenco.ch\/wp-content\/uploads\/2021\/04\/2019_theater_stok2-e1619170139941-768x759.jpg 768w, https:\/\/www.cristina-flamenco.ch\/wp-content\/uploads\/2021\/04\/2019_theater_stok2-e1619170139941-304x300.jpg 304w, https:\/\/www.cristina-flamenco.ch\/wp-content\/uploads\/2021\/04\/2019_theater_stok2-e1619170139941.jpg 930w\" sizes=\"auto, (max-width: 202px) 100vw, 202px\" \/><\/a> <a href=\"https:\/\/www.cristina-flamenco.ch\/wp-content\/uploads\/2021\/04\/2019_theater_stok3-e1619170205971.jpg\"><img loading=\"lazy\" decoding=\"async\" class=\"alignnone wp-image-659\" src=\"https:\/\/www.cristina-flamenco.ch\/wp-content\/uploads\/2021\/04\/2019_theater_stok3-e1619170205971-300x236.jpg\" alt=\"\" width=\"255\" height=\"200\" srcset=\"https:\/\/www.cristina-flamenco.ch\/wp-content\/uploads\/2021\/04\/2019_theater_stok3-e1619170205971-300x236.jpg 300w, https:\/\/www.cristina-flamenco.ch\/wp-content\/uploads\/2021\/04\/2019_theater_stok3-e1619170205971-1024x805.jpg 1024w, https:\/\/www.cristina-flamenco.ch\/wp-content\/uploads\/2021\/04\/2019_theater_stok3-e1619170205971-768x604.jpg 768w, https:\/\/www.cristina-flamenco.ch\/wp-content\/uploads\/2021\/04\/2019_theater_stok3-e1619170205971-382x300.jpg 382w, https:\/\/www.cristina-flamenco.ch\/wp-content\/uploads\/2021\/04\/2019_theater_stok3-e1619170205971.jpg 1172w\" sizes=\"auto, (max-width: 255px) 100vw, 255px\" \/><\/a><\/td>\n<\/tr>\n<tr>\n<td>\n<div><span lang=\"ES\">9 de noviembre 2019 <\/span><\/div>\n<\/td>\n<td>\n<div><span lang=\"ES\">Caf\u00e9 flamenco- espect\u00e1culo con alumnos<\/span><\/div>\n<p><a href=\"https:\/\/www.cristina-flamenco.ch\/wp-content\/uploads\/2021\/04\/2019_flamencokaffee_222-scaled.jpg\"><img loading=\"lazy\" decoding=\"async\" class=\"alignnone wp-image-686\" src=\"https:\/\/www.cristina-flamenco.ch\/wp-content\/uploads\/2021\/04\/2019_flamencokaffee_222-scaled-e1619098946114-300x242.jpg\" alt=\"\" width=\"248\" height=\"200\" srcset=\"https:\/\/www.cristina-flamenco.ch\/wp-content\/uploads\/2021\/04\/2019_flamencokaffee_222-scaled-e1619098946114-300x242.jpg 300w, https:\/\/www.cristina-flamenco.ch\/wp-content\/uploads\/2021\/04\/2019_flamencokaffee_222-scaled-e1619098946114-1024x825.jpg 1024w, https:\/\/www.cristina-flamenco.ch\/wp-content\/uploads\/2021\/04\/2019_flamencokaffee_222-scaled-e1619098946114-768x619.jpg 768w, https:\/\/www.cristina-flamenco.ch\/wp-content\/uploads\/2021\/04\/2019_flamencokaffee_222-scaled-e1619098946114-1536x1238.jpg 1536w, https:\/\/www.cristina-flamenco.ch\/wp-content\/uploads\/2021\/04\/2019_flamencokaffee_222-scaled-e1619098946114-2048x1651.jpg 2048w, https:\/\/www.cristina-flamenco.ch\/wp-content\/uploads\/2021\/04\/2019_flamencokaffee_222-scaled-e1619098946114-372x300.jpg 372w, https:\/\/www.cristina-flamenco.ch\/wp-content\/uploads\/2021\/04\/2019_flamencokaffee_222-scaled-e1619098946114-310x250.jpg 310w\" sizes=\"auto, (max-width: 248px) 100vw, 248px\" \/><\/a> <a href=\"https:\/\/www.cristina-flamenco.ch\/wp-content\/uploads\/2021\/04\/2019_flamencokaffee_268-scaled.jpg\"><img loading=\"lazy\" decoding=\"async\" class=\"alignnone wp-image-522\" src=\"https:\/\/www.cristina-flamenco.ch\/wp-content\/uploads\/2021\/04\/2019_flamencokaffee_268-200x300.jpg\" alt=\"\" width=\"133\" height=\"200\" srcset=\"https:\/\/www.cristina-flamenco.ch\/wp-content\/uploads\/2021\/04\/2019_flamencokaffee_268-200x300.jpg 200w, https:\/\/www.cristina-flamenco.ch\/wp-content\/uploads\/2021\/04\/2019_flamencokaffee_268-683x1024.jpg 683w, https:\/\/www.cristina-flamenco.ch\/wp-content\/uploads\/2021\/04\/2019_flamencokaffee_268-768x1152.jpg 768w, https:\/\/www.cristina-flamenco.ch\/wp-content\/uploads\/2021\/04\/2019_flamencokaffee_268-1024x1536.jpg 1024w, https:\/\/www.cristina-flamenco.ch\/wp-content\/uploads\/2021\/04\/2019_flamencokaffee_268-1365x2048.jpg 1365w, https:\/\/www.cristina-flamenco.ch\/wp-content\/uploads\/2021\/04\/2019_flamencokaffee_268-scaled.jpg 1707w\" sizes=\"auto, (max-width: 133px) 100vw, 133px\" \/> <\/a><a href=\"https:\/\/www.cristina-flamenco.ch\/wp-content\/uploads\/2021\/04\/2019_flamencokaffee_341-scaled.jpg\"><img loading=\"lazy\" decoding=\"async\" class=\"alignnone wp-image-523\" src=\"https:\/\/www.cristina-flamenco.ch\/wp-content\/uploads\/2021\/04\/2019_flamencokaffee_341-300x169.jpg\" alt=\"\" width=\"356\" height=\"200\" srcset=\"https:\/\/www.cristina-flamenco.ch\/wp-content\/uploads\/2021\/04\/2019_flamencokaffee_341-300x169.jpg 300w, https:\/\/www.cristina-flamenco.ch\/wp-content\/uploads\/2021\/04\/2019_flamencokaffee_341-1024x576.jpg 1024w, https:\/\/www.cristina-flamenco.ch\/wp-content\/uploads\/2021\/04\/2019_flamencokaffee_341-768x432.jpg 768w, https:\/\/www.cristina-flamenco.ch\/wp-content\/uploads\/2021\/04\/2019_flamencokaffee_341-1536x864.jpg 1536w, https:\/\/www.cristina-flamenco.ch\/wp-content\/uploads\/2021\/04\/2019_flamencokaffee_341-2048x1152.jpg 2048w, https:\/\/www.cristina-flamenco.ch\/wp-content\/uploads\/2021\/04\/2019_flamencokaffee_341-496x279.jpg 496w\" sizes=\"auto, (max-width: 356px) 100vw, 356px\" \/><\/a><\/p>\n<\/td>\n<\/tr>\n<tr>\n<td>\n<div><span lang=\"ES\">17 de noviembre 2018 <\/span><\/div>\n<\/td>\n<td>\n<div><span lang=\"ES\">Caf\u00e9 flamenco- espect\u00e1culo con alumnos<\/span><\/div>\n<p><a href=\"https:\/\/www.cristina-flamenco.ch\/wp-content\/uploads\/2021\/04\/2018_flamencokaffee_156-1-scaled.jpg\"><img loading=\"lazy\" decoding=\"async\" class=\"alignnone size-medium wp-image-516\" src=\"https:\/\/www.cristina-flamenco.ch\/wp-content\/uploads\/2021\/04\/2018_flamencokaffee_156-1-300x200.jpg\" alt=\"\" width=\"300\" height=\"200\" srcset=\"https:\/\/www.cristina-flamenco.ch\/wp-content\/uploads\/2021\/04\/2018_flamencokaffee_156-1-300x200.jpg 300w, https:\/\/www.cristina-flamenco.ch\/wp-content\/uploads\/2021\/04\/2018_flamencokaffee_156-1-1024x683.jpg 1024w, https:\/\/www.cristina-flamenco.ch\/wp-content\/uploads\/2021\/04\/2018_flamencokaffee_156-1-768x512.jpg 768w, https:\/\/www.cristina-flamenco.ch\/wp-content\/uploads\/2021\/04\/2018_flamencokaffee_156-1-1536x1024.jpg 1536w, https:\/\/www.cristina-flamenco.ch\/wp-content\/uploads\/2021\/04\/2018_flamencokaffee_156-1-2048x1365.jpg 2048w, https:\/\/www.cristina-flamenco.ch\/wp-content\/uploads\/2021\/04\/2018_flamencokaffee_156-1-450x300.jpg 450w\" sizes=\"auto, (max-width: 300px) 100vw, 300px\" \/><\/a> <a href=\"https:\/\/www.cristina-flamenco.ch\/wp-content\/uploads\/2021\/04\/2018_flamencokaffee_288-scaled.jpg\"><img loading=\"lazy\" decoding=\"async\" class=\"alignnone wp-image-518\" src=\"https:\/\/www.cristina-flamenco.ch\/wp-content\/uploads\/2021\/04\/2018_flamencokaffee_288-300x169.jpg\" alt=\"\" width=\"356\" height=\"200\" srcset=\"https:\/\/www.cristina-flamenco.ch\/wp-content\/uploads\/2021\/04\/2018_flamencokaffee_288-300x169.jpg 300w, https:\/\/www.cristina-flamenco.ch\/wp-content\/uploads\/2021\/04\/2018_flamencokaffee_288-1024x576.jpg 1024w, https:\/\/www.cristina-flamenco.ch\/wp-content\/uploads\/2021\/04\/2018_flamencokaffee_288-768x432.jpg 768w, https:\/\/www.cristina-flamenco.ch\/wp-content\/uploads\/2021\/04\/2018_flamencokaffee_288-1536x864.jpg 1536w, https:\/\/www.cristina-flamenco.ch\/wp-content\/uploads\/2021\/04\/2018_flamencokaffee_288-2048x1152.jpg 2048w, https:\/\/www.cristina-flamenco.ch\/wp-content\/uploads\/2021\/04\/2018_flamencokaffee_288-496x279.jpg 496w\" sizes=\"auto, (max-width: 356px) 100vw, 356px\" \/><\/a><\/p>\n<\/td>\n<\/tr>\n<tr>\n<td>\n<div><span lang=\"ES\">21 de setiembre 2018 <\/span><\/div>\n<\/td>\n<td>\n<div><span lang=\"ES\">Primavista, Baden con noche flamenca<\/span><\/div>\n<p><a href=\"https:\/\/www.cristina-flamenco.ch\/wp-content\/uploads\/2021\/04\/2018_09_21_nocheflalmenca_baden070.jpg\"><img loading=\"lazy\" decoding=\"async\" class=\"alignnone wp-image-654 size-medium\" src=\"https:\/\/www.cristina-flamenco.ch\/wp-content\/uploads\/2021\/04\/2018_09_21_nocheflalmenca_baden070-300x200.jpg\" alt=\"\" width=\"300\" height=\"200\" srcset=\"https:\/\/www.cristina-flamenco.ch\/wp-content\/uploads\/2021\/04\/2018_09_21_nocheflalmenca_baden070-300x200.jpg 300w, https:\/\/www.cristina-flamenco.ch\/wp-content\/uploads\/2021\/04\/2018_09_21_nocheflalmenca_baden070-1024x683.jpg 1024w, https:\/\/www.cristina-flamenco.ch\/wp-content\/uploads\/2021\/04\/2018_09_21_nocheflalmenca_baden070-768x512.jpg 768w, https:\/\/www.cristina-flamenco.ch\/wp-content\/uploads\/2021\/04\/2018_09_21_nocheflalmenca_baden070-1536x1024.jpg 1536w, https:\/\/www.cristina-flamenco.ch\/wp-content\/uploads\/2021\/04\/2018_09_21_nocheflalmenca_baden070-2048x1366.jpg 2048w, https:\/\/www.cristina-flamenco.ch\/wp-content\/uploads\/2021\/04\/2018_09_21_nocheflalmenca_baden070-450x300.jpg 450w\" sizes=\"auto, (max-width: 300px) 100vw, 300px\" \/><\/a> <a href=\"https:\/\/www.cristina-flamenco.ch\/wp-content\/uploads\/2021\/04\/2018_09_21_nocheflalmenca_baden343.jpg\"><img loading=\"lazy\" decoding=\"async\" class=\"alignnone wp-image-655 size-medium\" src=\"https:\/\/www.cristina-flamenco.ch\/wp-content\/uploads\/2021\/04\/2018_09_21_nocheflalmenca_baden343-300x200.jpg\" alt=\"\" width=\"300\" height=\"200\" srcset=\"https:\/\/www.cristina-flamenco.ch\/wp-content\/uploads\/2021\/04\/2018_09_21_nocheflalmenca_baden343-300x200.jpg 300w, https:\/\/www.cristina-flamenco.ch\/wp-content\/uploads\/2021\/04\/2018_09_21_nocheflalmenca_baden343-1024x683.jpg 1024w, https:\/\/www.cristina-flamenco.ch\/wp-content\/uploads\/2021\/04\/2018_09_21_nocheflalmenca_baden343-768x512.jpg 768w, https:\/\/www.cristina-flamenco.ch\/wp-content\/uploads\/2021\/04\/2018_09_21_nocheflalmenca_baden343-1536x1024.jpg 1536w, https:\/\/www.cristina-flamenco.ch\/wp-content\/uploads\/2021\/04\/2018_09_21_nocheflalmenca_baden343-2048x1366.jpg 2048w, https:\/\/www.cristina-flamenco.ch\/wp-content\/uploads\/2021\/04\/2018_09_21_nocheflalmenca_baden343-450x300.jpg 450w\" sizes=\"auto, (max-width: 300px) 100vw, 300px\" \/><\/a> <a href=\"https:\/\/www.cristina-flamenco.ch\/wp-content\/uploads\/2021\/04\/2018_09_21_nocheflalmenca_baden207.jpg\"><img loading=\"lazy\" decoding=\"async\" class=\"alignnone wp-image-656\" src=\"https:\/\/www.cristina-flamenco.ch\/wp-content\/uploads\/2021\/04\/2018_09_21_nocheflalmenca_baden207-200x300.jpg\" alt=\"\" width=\"133\" height=\"200\" srcset=\"https:\/\/www.cristina-flamenco.ch\/wp-content\/uploads\/2021\/04\/2018_09_21_nocheflalmenca_baden207-200x300.jpg 200w, https:\/\/www.cristina-flamenco.ch\/wp-content\/uploads\/2021\/04\/2018_09_21_nocheflalmenca_baden207-683x1024.jpg 683w, https:\/\/www.cristina-flamenco.ch\/wp-content\/uploads\/2021\/04\/2018_09_21_nocheflalmenca_baden207-768x1152.jpg 768w, https:\/\/www.cristina-flamenco.ch\/wp-content\/uploads\/2021\/04\/2018_09_21_nocheflalmenca_baden207-1024x1536.jpg 1024w, https:\/\/www.cristina-flamenco.ch\/wp-content\/uploads\/2021\/04\/2018_09_21_nocheflalmenca_baden207-1366x2048.jpg 1366w, https:\/\/www.cristina-flamenco.ch\/wp-content\/uploads\/2021\/04\/2018_09_21_nocheflalmenca_baden207.jpg 1667w\" sizes=\"auto, (max-width: 133px) 100vw, 133px\" \/><\/a><\/p>\n<\/td>\n<\/tr>\n<tr>\n<td>\n<div><span lang=\"ES\">16 de junio 2018 <\/span><\/div>\n<\/td>\n<td>\n<div><span lang=\"ES\">Primavista, Baden \/ Mitte, Basilea con Flamencopiano<\/span><\/div>\n<p><a href=\"https:\/\/www.cristina-flamenco.ch\/wp-content\/uploads\/2021\/04\/2018_flamencopiano_103-scaled.jpg\"><img loading=\"lazy\" decoding=\"async\" class=\"alignnone wp-image-416 size-medium\" src=\"https:\/\/www.cristina-flamenco.ch\/wp-content\/uploads\/2021\/04\/2018_flamencopiano_103-300x200.jpg\" alt=\"\" width=\"300\" height=\"200\" srcset=\"https:\/\/www.cristina-flamenco.ch\/wp-content\/uploads\/2021\/04\/2018_flamencopiano_103-300x200.jpg 300w, https:\/\/www.cristina-flamenco.ch\/wp-content\/uploads\/2021\/04\/2018_flamencopiano_103-1024x683.jpg 1024w, https:\/\/www.cristina-flamenco.ch\/wp-content\/uploads\/2021\/04\/2018_flamencopiano_103-768x512.jpg 768w, https:\/\/www.cristina-flamenco.ch\/wp-content\/uploads\/2021\/04\/2018_flamencopiano_103-1536x1024.jpg 1536w, https:\/\/www.cristina-flamenco.ch\/wp-content\/uploads\/2021\/04\/2018_flamencopiano_103-2048x1365.jpg 2048w, https:\/\/www.cristina-flamenco.ch\/wp-content\/uploads\/2021\/04\/2018_flamencopiano_103-450x300.jpg 450w\" sizes=\"auto, (max-width: 300px) 100vw, 300px\" \/><\/a> <a href=\"https:\/\/www.cristina-flamenco.ch\/wp-content\/uploads\/2021\/04\/2018_primavista_baden-e1619170286814.jpg\"><img loading=\"lazy\" decoding=\"async\" class=\"alignnone wp-image-653 size-medium\" src=\"https:\/\/www.cristina-flamenco.ch\/wp-content\/uploads\/2021\/04\/2018_primavista_baden-e1619170286814-300x199.jpg\" alt=\"\" width=\"300\" height=\"199\" srcset=\"https:\/\/www.cristina-flamenco.ch\/wp-content\/uploads\/2021\/04\/2018_primavista_baden-e1619170286814-300x199.jpg 300w, https:\/\/www.cristina-flamenco.ch\/wp-content\/uploads\/2021\/04\/2018_primavista_baden-e1619170286814-1024x679.jpg 1024w, https:\/\/www.cristina-flamenco.ch\/wp-content\/uploads\/2021\/04\/2018_primavista_baden-e1619170286814-768x510.jpg 768w, https:\/\/www.cristina-flamenco.ch\/wp-content\/uploads\/2021\/04\/2018_primavista_baden-e1619170286814-452x300.jpg 452w, https:\/\/www.cristina-flamenco.ch\/wp-content\/uploads\/2021\/04\/2018_primavista_baden-e1619170286814.jpg 1376w\" sizes=\"auto, (max-width: 300px) 100vw, 300px\" \/><\/a><\/p>\n<\/td>\n<\/tr>\n<tr>\n<td>\n<div><span lang=\"ES\">11 de noviembre 2017 <\/span><\/div>\n<\/td>\n<td>\n<div><span lang=\"ES\">Caf\u00e9 flamenco- espect\u00e1culo con alumnos<\/span><\/div>\n<p><a href=\"https:\/\/www.cristina-flamenco.ch\/wp-content\/uploads\/2021\/04\/2017_flamencokaffee_110-1.jpg\"><img loading=\"lazy\" decoding=\"async\" class=\"alignnone wp-image-681\" src=\"https:\/\/www.cristina-flamenco.ch\/wp-content\/uploads\/2021\/04\/2017_flamencokaffee_110-1-e1619098705336-300x206.jpg\" alt=\"\" width=\"292\" height=\"200\" srcset=\"https:\/\/www.cristina-flamenco.ch\/wp-content\/uploads\/2021\/04\/2017_flamencokaffee_110-1-e1619098705336-300x206.jpg 300w, https:\/\/www.cristina-flamenco.ch\/wp-content\/uploads\/2021\/04\/2017_flamencokaffee_110-1-e1619098705336-1024x702.jpg 1024w, https:\/\/www.cristina-flamenco.ch\/wp-content\/uploads\/2021\/04\/2017_flamencokaffee_110-1-e1619098705336-768x527.jpg 768w, https:\/\/www.cristina-flamenco.ch\/wp-content\/uploads\/2021\/04\/2017_flamencokaffee_110-1-e1619098705336-1536x1053.jpg 1536w, https:\/\/www.cristina-flamenco.ch\/wp-content\/uploads\/2021\/04\/2017_flamencokaffee_110-1-e1619098705336-2048x1405.jpg 2048w, https:\/\/www.cristina-flamenco.ch\/wp-content\/uploads\/2021\/04\/2017_flamencokaffee_110-1-e1619098705336-437x300.jpg 437w\" sizes=\"auto, (max-width: 292px) 100vw, 292px\" \/><\/a> <a href=\"https:\/\/www.cristina-flamenco.ch\/wp-content\/uploads\/2021\/04\/2017_flamencokaffee_163.jpg\"><img loading=\"lazy\" decoding=\"async\" class=\"alignnone wp-image-682\" src=\"https:\/\/www.cristina-flamenco.ch\/wp-content\/uploads\/2021\/04\/2017_flamencokaffee_163-e1619098765200-300x257.jpg\" alt=\"\" width=\"233\" height=\"200\" srcset=\"https:\/\/www.cristina-flamenco.ch\/wp-content\/uploads\/2021\/04\/2017_flamencokaffee_163-e1619098765200-300x257.jpg 300w, https:\/\/www.cristina-flamenco.ch\/wp-content\/uploads\/2021\/04\/2017_flamencokaffee_163-e1619098765200-1024x879.jpg 1024w, https:\/\/www.cristina-flamenco.ch\/wp-content\/uploads\/2021\/04\/2017_flamencokaffee_163-e1619098765200-768x659.jpg 768w, https:\/\/www.cristina-flamenco.ch\/wp-content\/uploads\/2021\/04\/2017_flamencokaffee_163-e1619098765200-1536x1318.jpg 1536w, https:\/\/www.cristina-flamenco.ch\/wp-content\/uploads\/2021\/04\/2017_flamencokaffee_163-e1619098765200-350x300.jpg 350w, https:\/\/www.cristina-flamenco.ch\/wp-content\/uploads\/2021\/04\/2017_flamencokaffee_163-e1619098765200.jpg 1943w\" sizes=\"auto, (max-width: 233px) 100vw, 233px\" \/><\/a> <a href=\"https:\/\/www.cristina-flamenco.ch\/wp-content\/uploads\/2021\/04\/2017_flamencokaffee_324.jpg\"><img loading=\"lazy\" decoding=\"async\" class=\"alignnone wp-image-683\" src=\"https:\/\/www.cristina-flamenco.ch\/wp-content\/uploads\/2021\/04\/2017_flamencokaffee_324-300x300.jpg\" alt=\"\" width=\"200\" height=\"200\" srcset=\"https:\/\/www.cristina-flamenco.ch\/wp-content\/uploads\/2021\/04\/2017_flamencokaffee_324-300x300.jpg 300w, https:\/\/www.cristina-flamenco.ch\/wp-content\/uploads\/2021\/04\/2017_flamencokaffee_324-1024x1024.jpg 1024w, https:\/\/www.cristina-flamenco.ch\/wp-content\/uploads\/2021\/04\/2017_flamencokaffee_324-150x150.jpg 150w, https:\/\/www.cristina-flamenco.ch\/wp-content\/uploads\/2021\/04\/2017_flamencokaffee_324-768x768.jpg 768w, https:\/\/www.cristina-flamenco.ch\/wp-content\/uploads\/2021\/04\/2017_flamencokaffee_324-1536x1536.jpg 1536w, https:\/\/www.cristina-flamenco.ch\/wp-content\/uploads\/2021\/04\/2017_flamencokaffee_324-2048x2048.jpg 2048w\" sizes=\"auto, (max-width: 200px) 100vw, 200px\" \/><\/a><\/p>\n<\/td>\n<\/tr>\n<tr>\n<td>\n<div><span lang=\"ES\">24 de setiembre 2017 <\/span><\/div>\n<\/td>\n<td>\n<div><span lang=\"ES\">Altes Pfandhaus, Colonia \u2013 20\u00a0 a\u00f1os de Contratiempo<\/span><\/div>\n<p><a href=\"https:\/\/www.cristina-flamenco.ch\/wp-content\/uploads\/2021\/04\/Flamenco_RR_-86-scaled.jpg\"><img loading=\"lazy\" decoding=\"async\" class=\"alignnone wp-image-413 size-medium\" src=\"https:\/\/www.cristina-flamenco.ch\/wp-content\/uploads\/2021\/04\/Flamenco_RR_-86-300x200.jpg\" alt=\"\" width=\"300\" height=\"200\" srcset=\"https:\/\/www.cristina-flamenco.ch\/wp-content\/uploads\/2021\/04\/Flamenco_RR_-86-300x200.jpg 300w, https:\/\/www.cristina-flamenco.ch\/wp-content\/uploads\/2021\/04\/Flamenco_RR_-86-1024x683.jpg 1024w, https:\/\/www.cristina-flamenco.ch\/wp-content\/uploads\/2021\/04\/Flamenco_RR_-86-768x512.jpg 768w, https:\/\/www.cristina-flamenco.ch\/wp-content\/uploads\/2021\/04\/Flamenco_RR_-86-1536x1024.jpg 1536w, https:\/\/www.cristina-flamenco.ch\/wp-content\/uploads\/2021\/04\/Flamenco_RR_-86-2048x1365.jpg 2048w, https:\/\/www.cristina-flamenco.ch\/wp-content\/uploads\/2021\/04\/Flamenco_RR_-86-450x300.jpg 450w\" sizes=\"auto, (max-width: 300px) 100vw, 300px\" \/><\/a> <a href=\"https:\/\/www.cristina-flamenco.ch\/wp-content\/uploads\/2021\/04\/Flamenco_RR_-15-scaled.jpg\"><img loading=\"lazy\" decoding=\"async\" class=\"alignnone wp-image-650\" src=\"https:\/\/www.cristina-flamenco.ch\/wp-content\/uploads\/2021\/04\/Flamenco_RR_-15-scaled-e1618336716419-212x300.jpg\" alt=\"\" width=\"142\" height=\"200\" srcset=\"https:\/\/www.cristina-flamenco.ch\/wp-content\/uploads\/2021\/04\/Flamenco_RR_-15-scaled-e1618336716419-212x300.jpg 212w, https:\/\/www.cristina-flamenco.ch\/wp-content\/uploads\/2021\/04\/Flamenco_RR_-15-scaled-e1618336716419-725x1024.jpg 725w, https:\/\/www.cristina-flamenco.ch\/wp-content\/uploads\/2021\/04\/Flamenco_RR_-15-scaled-e1618336716419-768x1084.jpg 768w, https:\/\/www.cristina-flamenco.ch\/wp-content\/uploads\/2021\/04\/Flamenco_RR_-15-scaled-e1618336716419-1088x1536.jpg 1088w, https:\/\/www.cristina-flamenco.ch\/wp-content\/uploads\/2021\/04\/Flamenco_RR_-15-scaled-e1618336716419.jpg 1209w\" sizes=\"auto, (max-width: 142px) 100vw, 142px\" \/><\/a> <a href=\"https:\/\/www.cristina-flamenco.ch\/wp-content\/uploads\/2021\/04\/Flamenco_RR_-16-scaled.jpg\"><img loading=\"lazy\" decoding=\"async\" class=\"alignnone wp-image-415\" src=\"https:\/\/www.cristina-flamenco.ch\/wp-content\/uploads\/2021\/04\/Flamenco_RR_-16-300x225.jpg\" alt=\"\" width=\"267\" height=\"200\" srcset=\"https:\/\/www.cristina-flamenco.ch\/wp-content\/uploads\/2021\/04\/Flamenco_RR_-16-300x225.jpg 300w, https:\/\/www.cristina-flamenco.ch\/wp-content\/uploads\/2021\/04\/Flamenco_RR_-16-1024x768.jpg 1024w, https:\/\/www.cristina-flamenco.ch\/wp-content\/uploads\/2021\/04\/Flamenco_RR_-16-768x576.jpg 768w, https:\/\/www.cristina-flamenco.ch\/wp-content\/uploads\/2021\/04\/Flamenco_RR_-16-1536x1152.jpg 1536w, https:\/\/www.cristina-flamenco.ch\/wp-content\/uploads\/2021\/04\/Flamenco_RR_-16-2048x1536.jpg 2048w, https:\/\/www.cristina-flamenco.ch\/wp-content\/uploads\/2021\/04\/Flamenco_RR_-16-400x300.jpg 400w\" sizes=\"auto, (max-width: 267px) 100vw, 267px\" \/><\/a><\/p>\n<\/td>\n<\/tr>\n<tr>\n<td>\n<div><span lang=\"ES\">2 de junio 2017 <\/span><\/div>\n<\/td>\n<td>\n<div><span lang=\"ES\">Toniareal, Zurich, Examen de Master con Flurina Ruoss, Carmen Reverdin<\/span><\/div>\n<p><a href=\"https:\/\/www.cristina-flamenco.ch\/wp-content\/uploads\/2021\/04\/IMG-20180522-WA0008.jpg\"><img loading=\"lazy\" decoding=\"async\" class=\"alignnone wp-image-647 size-medium\" src=\"https:\/\/www.cristina-flamenco.ch\/wp-content\/uploads\/2021\/04\/IMG-20180522-WA0008-300x200.jpg\" alt=\"\" width=\"300\" height=\"200\" srcset=\"https:\/\/www.cristina-flamenco.ch\/wp-content\/uploads\/2021\/04\/IMG-20180522-WA0008-300x200.jpg 300w, https:\/\/www.cristina-flamenco.ch\/wp-content\/uploads\/2021\/04\/IMG-20180522-WA0008-450x300.jpg 450w, https:\/\/www.cristina-flamenco.ch\/wp-content\/uploads\/2021\/04\/IMG-20180522-WA0008.jpg 640w\" sizes=\"auto, (max-width: 300px) 100vw, 300px\" \/><\/a> <a href=\"https:\/\/www.cristina-flamenco.ch\/wp-content\/uploads\/2021\/04\/IMG-20180522-WA0006.jpg\"><img loading=\"lazy\" decoding=\"async\" class=\"alignnone wp-image-648 size-medium\" src=\"https:\/\/www.cristina-flamenco.ch\/wp-content\/uploads\/2021\/04\/IMG-20180522-WA0006-300x200.jpg\" alt=\"\" width=\"300\" height=\"200\" srcset=\"https:\/\/www.cristina-flamenco.ch\/wp-content\/uploads\/2021\/04\/IMG-20180522-WA0006-300x200.jpg 300w, https:\/\/www.cristina-flamenco.ch\/wp-content\/uploads\/2021\/04\/IMG-20180522-WA0006-451x300.jpg 451w, https:\/\/www.cristina-flamenco.ch\/wp-content\/uploads\/2021\/04\/IMG-20180522-WA0006.jpg 640w\" sizes=\"auto, (max-width: 300px) 100vw, 300px\" \/><\/a><\/p>\n<\/td>\n<\/tr>\n<tr>\n<td>\n<div><span lang=\"ES\">20 de agosto 2016 <\/span><\/div>\n<\/td>\n<td>\n<div><span lang=\"ES\">Caf\u00e9 flamenco- espect\u00e1culo con alumnos<\/span><\/div>\n<p><a href=\"https:\/\/www.cristina-flamenco.ch\/wp-content\/uploads\/2021\/04\/2016_flamencokaffee_4-scaled.jpg\"><img loading=\"lazy\" decoding=\"async\" class=\"alignnone wp-image-678\" src=\"https:\/\/www.cristina-flamenco.ch\/wp-content\/uploads\/2021\/04\/2016_flamencokaffee_4-scaled-e1619098448214-300x240.jpg\" alt=\"\" width=\"250\" height=\"200\" srcset=\"https:\/\/www.cristina-flamenco.ch\/wp-content\/uploads\/2021\/04\/2016_flamencokaffee_4-scaled-e1619098448214-300x240.jpg 300w, https:\/\/www.cristina-flamenco.ch\/wp-content\/uploads\/2021\/04\/2016_flamencokaffee_4-scaled-e1619098448214-1024x818.jpg 1024w, https:\/\/www.cristina-flamenco.ch\/wp-content\/uploads\/2021\/04\/2016_flamencokaffee_4-scaled-e1619098448214-768x613.jpg 768w, https:\/\/www.cristina-flamenco.ch\/wp-content\/uploads\/2021\/04\/2016_flamencokaffee_4-scaled-e1619098448214-1536x1227.jpg 1536w, https:\/\/www.cristina-flamenco.ch\/wp-content\/uploads\/2021\/04\/2016_flamencokaffee_4-scaled-e1619098448214-2048x1636.jpg 2048w, https:\/\/www.cristina-flamenco.ch\/wp-content\/uploads\/2021\/04\/2016_flamencokaffee_4-scaled-e1619098448214-376x300.jpg 376w\" sizes=\"auto, (max-width: 250px) 100vw, 250px\" \/><\/a> <a href=\"https:\/\/www.cristina-flamenco.ch\/wp-content\/uploads\/2021\/04\/2016_flamencokaffee_226-scaled.jpg\"><img loading=\"lazy\" decoding=\"async\" class=\"alignnone wp-image-679\" src=\"https:\/\/www.cristina-flamenco.ch\/wp-content\/uploads\/2021\/04\/2016_flamencokaffee_226-scaled-e1619098467464-300x263.jpg\" alt=\"\" width=\"228\" height=\"200\" srcset=\"https:\/\/www.cristina-flamenco.ch\/wp-content\/uploads\/2021\/04\/2016_flamencokaffee_226-scaled-e1619098467464-300x263.jpg 300w, https:\/\/www.cristina-flamenco.ch\/wp-content\/uploads\/2021\/04\/2016_flamencokaffee_226-scaled-e1619098467464-1024x899.jpg 1024w, https:\/\/www.cristina-flamenco.ch\/wp-content\/uploads\/2021\/04\/2016_flamencokaffee_226-scaled-e1619098467464-768x674.jpg 768w, https:\/\/www.cristina-flamenco.ch\/wp-content\/uploads\/2021\/04\/2016_flamencokaffee_226-scaled-e1619098467464-1536x1348.jpg 1536w, https:\/\/www.cristina-flamenco.ch\/wp-content\/uploads\/2021\/04\/2016_flamencokaffee_226-scaled-e1619098467464-342x300.jpg 342w, https:\/\/www.cristina-flamenco.ch\/wp-content\/uploads\/2021\/04\/2016_flamencokaffee_226-scaled-e1619098467464.jpg 1945w\" sizes=\"auto, (max-width: 228px) 100vw, 228px\" \/> <\/a><a href=\"https:\/\/www.cristina-flamenco.ch\/wp-content\/uploads\/2021\/04\/2016_flamencokaffee_356-scaled.jpg\"><img loading=\"lazy\" decoding=\"async\" class=\"alignnone wp-image-680\" src=\"https:\/\/www.cristina-flamenco.ch\/wp-content\/uploads\/2021\/04\/2016_flamencokaffee_356-scaled-e1619098487227-300x257.jpg\" alt=\"\" width=\"234\" height=\"200\" srcset=\"https:\/\/www.cristina-flamenco.ch\/wp-content\/uploads\/2021\/04\/2016_flamencokaffee_356-scaled-e1619098487227-300x257.jpg 300w, https:\/\/www.cristina-flamenco.ch\/wp-content\/uploads\/2021\/04\/2016_flamencokaffee_356-scaled-e1619098487227-1024x876.jpg 1024w, https:\/\/www.cristina-flamenco.ch\/wp-content\/uploads\/2021\/04\/2016_flamencokaffee_356-scaled-e1619098487227-768x657.jpg 768w, https:\/\/www.cristina-flamenco.ch\/wp-content\/uploads\/2021\/04\/2016_flamencokaffee_356-scaled-e1619098487227-1536x1314.jpg 1536w, https:\/\/www.cristina-flamenco.ch\/wp-content\/uploads\/2021\/04\/2016_flamencokaffee_356-scaled-e1619098487227-351x300.jpg 351w, https:\/\/www.cristina-flamenco.ch\/wp-content\/uploads\/2021\/04\/2016_flamencokaffee_356-scaled-e1619098487227.jpg 1996w\" sizes=\"auto, (max-width: 234px) 100vw, 234px\" \/><\/a><\/p>\n<\/td>\n<\/tr>\n<tr>\n<td>\n<div><span lang=\"ES\">28 de mayo de 2016 <\/span><\/div>\n<\/td>\n<td>\n<div><span lang=\"ES\">Bossartssch\u00fc\u00fcr, Windisch con noche flamenca<\/span><\/div>\n<p><a href=\"https:\/\/www.cristina-flamenco.ch\/wp-content\/uploads\/2021\/04\/2016_noche-flamenca_windisch_079-scaled.jpg\"><img loading=\"lazy\" decoding=\"async\" class=\"alignnone wp-image-644\" src=\"https:\/\/www.cristina-flamenco.ch\/wp-content\/uploads\/2021\/04\/2016_noche-flamenca_windisch_079-scaled-e1618336833148-300x276.jpg\" alt=\"\" width=\"217\" height=\"200\" srcset=\"https:\/\/www.cristina-flamenco.ch\/wp-content\/uploads\/2021\/04\/2016_noche-flamenca_windisch_079-scaled-e1618336833148-300x276.jpg 300w, https:\/\/www.cristina-flamenco.ch\/wp-content\/uploads\/2021\/04\/2016_noche-flamenca_windisch_079-scaled-e1618336833148-1024x942.jpg 1024w, https:\/\/www.cristina-flamenco.ch\/wp-content\/uploads\/2021\/04\/2016_noche-flamenca_windisch_079-scaled-e1618336833148-768x706.jpg 768w, https:\/\/www.cristina-flamenco.ch\/wp-content\/uploads\/2021\/04\/2016_noche-flamenca_windisch_079-scaled-e1618336833148-1536x1413.jpg 1536w, https:\/\/www.cristina-flamenco.ch\/wp-content\/uploads\/2021\/04\/2016_noche-flamenca_windisch_079-scaled-e1618336833148-326x300.jpg 326w, https:\/\/www.cristina-flamenco.ch\/wp-content\/uploads\/2021\/04\/2016_noche-flamenca_windisch_079-scaled-e1618336833148.jpg 1856w\" sizes=\"auto, (max-width: 217px) 100vw, 217px\" \/><\/a> <a href=\"https:\/\/www.cristina-flamenco.ch\/wp-content\/uploads\/2021\/04\/2016_noche-flamenca_windisch_184-scaled.jpg\"><img loading=\"lazy\" decoding=\"async\" class=\"alignnone wp-image-405 size-medium\" src=\"https:\/\/www.cristina-flamenco.ch\/wp-content\/uploads\/2021\/04\/2016_noche-flamenca_windisch_184-300x200.jpg\" alt=\"\" width=\"300\" height=\"200\" srcset=\"https:\/\/www.cristina-flamenco.ch\/wp-content\/uploads\/2021\/04\/2016_noche-flamenca_windisch_184-300x200.jpg 300w, https:\/\/www.cristina-flamenco.ch\/wp-content\/uploads\/2021\/04\/2016_noche-flamenca_windisch_184-1024x683.jpg 1024w, https:\/\/www.cristina-flamenco.ch\/wp-content\/uploads\/2021\/04\/2016_noche-flamenca_windisch_184-768x512.jpg 768w, https:\/\/www.cristina-flamenco.ch\/wp-content\/uploads\/2021\/04\/2016_noche-flamenca_windisch_184-1536x1024.jpg 1536w, https:\/\/www.cristina-flamenco.ch\/wp-content\/uploads\/2021\/04\/2016_noche-flamenca_windisch_184-2048x1365.jpg 2048w, https:\/\/www.cristina-flamenco.ch\/wp-content\/uploads\/2021\/04\/2016_noche-flamenca_windisch_184-450x300.jpg 450w\" sizes=\"auto, (max-width: 300px) 100vw, 300px\" \/><\/a> <a href=\"https:\/\/www.cristina-flamenco.ch\/wp-content\/uploads\/2021\/04\/2016_noche-flamenca_windisch_071-scaled.jpg\"><img loading=\"lazy\" decoding=\"async\" class=\"alignnone wp-image-646\" src=\"https:\/\/www.cristina-flamenco.ch\/wp-content\/uploads\/2021\/04\/2016_noche-flamenca_windisch_071-scaled-e1618336861999-300x273.jpg\" alt=\"\" width=\"220\" height=\"200\" srcset=\"https:\/\/www.cristina-flamenco.ch\/wp-content\/uploads\/2021\/04\/2016_noche-flamenca_windisch_071-scaled-e1618336861999-300x273.jpg 300w, https:\/\/www.cristina-flamenco.ch\/wp-content\/uploads\/2021\/04\/2016_noche-flamenca_windisch_071-scaled-e1618336861999-1024x932.jpg 1024w, https:\/\/www.cristina-flamenco.ch\/wp-content\/uploads\/2021\/04\/2016_noche-flamenca_windisch_071-scaled-e1618336861999-768x699.jpg 768w, https:\/\/www.cristina-flamenco.ch\/wp-content\/uploads\/2021\/04\/2016_noche-flamenca_windisch_071-scaled-e1618336861999-1536x1398.jpg 1536w, https:\/\/www.cristina-flamenco.ch\/wp-content\/uploads\/2021\/04\/2016_noche-flamenca_windisch_071-scaled-e1618336861999-330x300.jpg 330w, https:\/\/www.cristina-flamenco.ch\/wp-content\/uploads\/2021\/04\/2016_noche-flamenca_windisch_071-scaled-e1618336861999.jpg 1875w\" sizes=\"auto, (max-width: 220px) 100vw, 220px\" \/><\/a><\/p>\n<\/td>\n<\/tr>\n<tr>\n<td>\n<div><span lang=\"ES\">29 de mayo 2015 <\/span><\/div>\n<\/td>\n<td>\n<div><span lang=\"ES\">Caf\u00e9 flamenco- espect\u00e1culo con alumnos<\/span><\/div>\n<p><a href=\"https:\/\/www.cristina-flamenco.ch\/wp-content\/uploads\/2021\/04\/2015_flamencokaffee_70-scaled.jpg\"><img loading=\"lazy\" decoding=\"async\" class=\"alignnone wp-image-675\" src=\"https:\/\/www.cristina-flamenco.ch\/wp-content\/uploads\/2021\/04\/2015_flamencokaffee_70-scaled-e1619098283223-300x235.jpg\" alt=\"\" width=\"256\" height=\"200\" srcset=\"https:\/\/www.cristina-flamenco.ch\/wp-content\/uploads\/2021\/04\/2015_flamencokaffee_70-scaled-e1619098283223-300x235.jpg 300w, https:\/\/www.cristina-flamenco.ch\/wp-content\/uploads\/2021\/04\/2015_flamencokaffee_70-scaled-e1619098283223-1024x801.jpg 1024w, https:\/\/www.cristina-flamenco.ch\/wp-content\/uploads\/2021\/04\/2015_flamencokaffee_70-scaled-e1619098283223-768x601.jpg 768w, https:\/\/www.cristina-flamenco.ch\/wp-content\/uploads\/2021\/04\/2015_flamencokaffee_70-scaled-e1619098283223-1536x1202.jpg 1536w, https:\/\/www.cristina-flamenco.ch\/wp-content\/uploads\/2021\/04\/2015_flamencokaffee_70-scaled-e1619098283223-2048x1602.jpg 2048w, https:\/\/www.cristina-flamenco.ch\/wp-content\/uploads\/2021\/04\/2015_flamencokaffee_70-scaled-e1619098283223-383x300.jpg 383w\" sizes=\"auto, (max-width: 256px) 100vw, 256px\" \/><\/a> <a href=\"https:\/\/www.cristina-flamenco.ch\/wp-content\/uploads\/2021\/04\/2015_flamencokaffee_110-scaled.jpg\"><img loading=\"lazy\" decoding=\"async\" class=\"alignnone wp-image-676\" src=\"https:\/\/www.cristina-flamenco.ch\/wp-content\/uploads\/2021\/04\/2015_flamencokaffee_110-scaled-e1619098221844-300x263.jpg\" alt=\"\" width=\"228\" height=\"200\" srcset=\"https:\/\/www.cristina-flamenco.ch\/wp-content\/uploads\/2021\/04\/2015_flamencokaffee_110-scaled-e1619098221844-300x263.jpg 300w, https:\/\/www.cristina-flamenco.ch\/wp-content\/uploads\/2021\/04\/2015_flamencokaffee_110-scaled-e1619098221844-1024x899.jpg 1024w, https:\/\/www.cristina-flamenco.ch\/wp-content\/uploads\/2021\/04\/2015_flamencokaffee_110-scaled-e1619098221844-768x674.jpg 768w, https:\/\/www.cristina-flamenco.ch\/wp-content\/uploads\/2021\/04\/2015_flamencokaffee_110-scaled-e1619098221844-1536x1348.jpg 1536w, https:\/\/www.cristina-flamenco.ch\/wp-content\/uploads\/2021\/04\/2015_flamencokaffee_110-scaled-e1619098221844-342x300.jpg 342w, https:\/\/www.cristina-flamenco.ch\/wp-content\/uploads\/2021\/04\/2015_flamencokaffee_110-scaled-e1619098221844.jpg 1945w\" sizes=\"auto, (max-width: 228px) 100vw, 228px\" \/><\/a> <a href=\"https:\/\/www.cristina-flamenco.ch\/wp-content\/uploads\/2021\/04\/2015_flamencokaffee_404-scaled.jpg\"><img loading=\"lazy\" decoding=\"async\" class=\"alignnone wp-image-677\" src=\"https:\/\/www.cristina-flamenco.ch\/wp-content\/uploads\/2021\/04\/2015_flamencokaffee_404-scaled-e1619098305714-300x237.jpg\" alt=\"\" width=\"253\" height=\"200\" srcset=\"https:\/\/www.cristina-flamenco.ch\/wp-content\/uploads\/2021\/04\/2015_flamencokaffee_404-scaled-e1619098305714-300x237.jpg 300w, https:\/\/www.cristina-flamenco.ch\/wp-content\/uploads\/2021\/04\/2015_flamencokaffee_404-scaled-e1619098305714-1024x808.jpg 1024w, https:\/\/www.cristina-flamenco.ch\/wp-content\/uploads\/2021\/04\/2015_flamencokaffee_404-scaled-e1619098305714-768x606.jpg 768w, https:\/\/www.cristina-flamenco.ch\/wp-content\/uploads\/2021\/04\/2015_flamencokaffee_404-scaled-e1619098305714-1536x1212.jpg 1536w, https:\/\/www.cristina-flamenco.ch\/wp-content\/uploads\/2021\/04\/2015_flamencokaffee_404-scaled-e1619098305714-2048x1616.jpg 2048w, https:\/\/www.cristina-flamenco.ch\/wp-content\/uploads\/2021\/04\/2015_flamencokaffee_404-scaled-e1619098305714-380x300.jpg 380w\" sizes=\"auto, (max-width: 253px) 100vw, 253px\" \/><\/a><\/p>\n<\/td>\n<\/tr>\n<tr>\n<td>\n<div><span lang=\"ES\">25 de enero 2015 <\/span><\/div>\n<\/td>\n<td>\n<div><span lang=\"ES\">Primavista, Baden \/ Mitte, Basilea con Flamencopiano<\/span><\/div>\n<p><a href=\"https:\/\/www.cristina-flamenco.ch\/wp-content\/uploads\/2021\/04\/2015_01_noche_flamenca_basel_200-scaled.jpg\"><img loading=\"lazy\" decoding=\"async\" class=\"alignnone wp-image-398\" src=\"https:\/\/www.cristina-flamenco.ch\/wp-content\/uploads\/2021\/04\/2015_01_noche_flamenca_basel_200-200x300.jpg\" alt=\"\" width=\"133\" height=\"200\" srcset=\"https:\/\/www.cristina-flamenco.ch\/wp-content\/uploads\/2021\/04\/2015_01_noche_flamenca_basel_200-200x300.jpg 200w, https:\/\/www.cristina-flamenco.ch\/wp-content\/uploads\/2021\/04\/2015_01_noche_flamenca_basel_200-683x1024.jpg 683w, https:\/\/www.cristina-flamenco.ch\/wp-content\/uploads\/2021\/04\/2015_01_noche_flamenca_basel_200-768x1152.jpg 768w, https:\/\/www.cristina-flamenco.ch\/wp-content\/uploads\/2021\/04\/2015_01_noche_flamenca_basel_200-1024x1536.jpg 1024w, https:\/\/www.cristina-flamenco.ch\/wp-content\/uploads\/2021\/04\/2015_01_noche_flamenca_basel_200-1365x2048.jpg 1365w, https:\/\/www.cristina-flamenco.ch\/wp-content\/uploads\/2021\/04\/2015_01_noche_flamenca_basel_200-scaled.jpg 1707w\" sizes=\"auto, (max-width: 133px) 100vw, 133px\" \/><\/a> <a href=\"https:\/\/www.cristina-flamenco.ch\/wp-content\/uploads\/2021\/04\/2016_tarde_flamenca_basel__14-scaled.jpg\"><img loading=\"lazy\" decoding=\"async\" class=\"alignnone wp-image-400 size-medium\" src=\"https:\/\/www.cristina-flamenco.ch\/wp-content\/uploads\/2021\/04\/2016_tarde_flamenca_basel__14-300x200.jpg\" alt=\"\" width=\"300\" height=\"200\" srcset=\"https:\/\/www.cristina-flamenco.ch\/wp-content\/uploads\/2021\/04\/2016_tarde_flamenca_basel__14-300x200.jpg 300w, https:\/\/www.cristina-flamenco.ch\/wp-content\/uploads\/2021\/04\/2016_tarde_flamenca_basel__14-1024x683.jpg 1024w, https:\/\/www.cristina-flamenco.ch\/wp-content\/uploads\/2021\/04\/2016_tarde_flamenca_basel__14-768x512.jpg 768w, https:\/\/www.cristina-flamenco.ch\/wp-content\/uploads\/2021\/04\/2016_tarde_flamenca_basel__14-1536x1024.jpg 1536w, https:\/\/www.cristina-flamenco.ch\/wp-content\/uploads\/2021\/04\/2016_tarde_flamenca_basel__14-2048x1365.jpg 2048w, https:\/\/www.cristina-flamenco.ch\/wp-content\/uploads\/2021\/04\/2016_tarde_flamenca_basel__14-450x300.jpg 450w\" sizes=\"auto, (max-width: 300px) 100vw, 300px\" \/><\/a> <a href=\"https:\/\/www.cristina-flamenco.ch\/wp-content\/uploads\/2021\/04\/2016_tarde_flamenca_basel__145.jpg\"><img loading=\"lazy\" decoding=\"async\" class=\"alignnone wp-image-643\" src=\"https:\/\/www.cristina-flamenco.ch\/wp-content\/uploads\/2021\/04\/2016_tarde_flamenca_basel__145-200x300.jpg\" alt=\"\" width=\"133\" height=\"200\" srcset=\"https:\/\/www.cristina-flamenco.ch\/wp-content\/uploads\/2021\/04\/2016_tarde_flamenca_basel__145-200x300.jpg 200w, https:\/\/www.cristina-flamenco.ch\/wp-content\/uploads\/2021\/04\/2016_tarde_flamenca_basel__145-683x1024.jpg 683w, https:\/\/www.cristina-flamenco.ch\/wp-content\/uploads\/2021\/04\/2016_tarde_flamenca_basel__145-768x1152.jpg 768w, https:\/\/www.cristina-flamenco.ch\/wp-content\/uploads\/2021\/04\/2016_tarde_flamenca_basel__145-1024x1536.jpg 1024w, https:\/\/www.cristina-flamenco.ch\/wp-content\/uploads\/2021\/04\/2016_tarde_flamenca_basel__145-1365x2048.jpg 1365w, https:\/\/www.cristina-flamenco.ch\/wp-content\/uploads\/2021\/04\/2016_tarde_flamenca_basel__145.jpg 1600w\" sizes=\"auto, (max-width: 133px) 100vw, 133px\" \/><\/a><\/p>\n<\/td>\n<\/tr>\n<tr>\n<td>\n<div><span lang=\"DE-CH\">24 de enero 2015<\/span><\/div>\n<\/td>\n<td>\n<div><span lang=\"DE-CH\">Zentrumsschopf, Spreitenbach con noche flamenca<\/span><\/div>\n<p><a href=\"https:\/\/www.cristina-flamenco.ch\/wp-content\/uploads\/2021\/04\/2015_01_noche_flamenca_420-scaled.jpg\"><img loading=\"lazy\" decoding=\"async\" class=\"alignnone wp-image-394 size-medium\" src=\"https:\/\/www.cristina-flamenco.ch\/wp-content\/uploads\/2021\/04\/2015_01_noche_flamenca_420-300x200.jpg\" alt=\"\" width=\"300\" height=\"200\" srcset=\"https:\/\/www.cristina-flamenco.ch\/wp-content\/uploads\/2021\/04\/2015_01_noche_flamenca_420-300x200.jpg 300w, https:\/\/www.cristina-flamenco.ch\/wp-content\/uploads\/2021\/04\/2015_01_noche_flamenca_420-1024x683.jpg 1024w, https:\/\/www.cristina-flamenco.ch\/wp-content\/uploads\/2021\/04\/2015_01_noche_flamenca_420-768x512.jpg 768w, https:\/\/www.cristina-flamenco.ch\/wp-content\/uploads\/2021\/04\/2015_01_noche_flamenca_420-1536x1024.jpg 1536w, https:\/\/www.cristina-flamenco.ch\/wp-content\/uploads\/2021\/04\/2015_01_noche_flamenca_420-2048x1365.jpg 2048w, https:\/\/www.cristina-flamenco.ch\/wp-content\/uploads\/2021\/04\/2015_01_noche_flamenca_420-450x300.jpg 450w\" sizes=\"auto, (max-width: 300px) 100vw, 300px\" \/><\/a> <a href=\"https:\/\/www.cristina-flamenco.ch\/wp-content\/uploads\/2021\/04\/spreitenbach_noche_flamenca.jpg\"><img loading=\"lazy\" decoding=\"async\" class=\"alignnone wp-image-640 size-medium\" src=\"https:\/\/www.cristina-flamenco.ch\/wp-content\/uploads\/2021\/04\/spreitenbach_noche_flamenca-300x200.jpg\" alt=\"\" width=\"300\" height=\"200\" srcset=\"https:\/\/www.cristina-flamenco.ch\/wp-content\/uploads\/2021\/04\/spreitenbach_noche_flamenca-300x200.jpg 300w, https:\/\/www.cristina-flamenco.ch\/wp-content\/uploads\/2021\/04\/spreitenbach_noche_flamenca-1024x683.jpg 1024w, https:\/\/www.cristina-flamenco.ch\/wp-content\/uploads\/2021\/04\/spreitenbach_noche_flamenca-768x512.jpg 768w, https:\/\/www.cristina-flamenco.ch\/wp-content\/uploads\/2021\/04\/spreitenbach_noche_flamenca-450x300.jpg 450w, https:\/\/www.cristina-flamenco.ch\/wp-content\/uploads\/2021\/04\/spreitenbach_noche_flamenca.jpg 1320w\" sizes=\"auto, (max-width: 300px) 100vw, 300px\" \/><\/a><\/p>\n<\/td>\n<\/tr>\n<tr>\n<td>\n<div><span lang=\"ES\">Octubre 2014<\/span><\/div>\n<\/td>\n<td>\n<div><span lang=\"ES\">Kulturpunkt Flawil con noche flamenca<\/span><\/div>\n<p><a href=\"https:\/\/www.cristina-flamenco.ch\/wp-content\/uploads\/2021\/04\/dIMG_7606.jpg\"><img loading=\"lazy\" decoding=\"async\" class=\"alignnone wp-image-636\" src=\"https:\/\/www.cristina-flamenco.ch\/wp-content\/uploads\/2021\/04\/dIMG_7606-300x300.jpg\" alt=\"\" width=\"200\" height=\"200\" srcset=\"https:\/\/www.cristina-flamenco.ch\/wp-content\/uploads\/2021\/04\/dIMG_7606-300x300.jpg 300w, https:\/\/www.cristina-flamenco.ch\/wp-content\/uploads\/2021\/04\/dIMG_7606-150x150.jpg 150w, https:\/\/www.cristina-flamenco.ch\/wp-content\/uploads\/2021\/04\/dIMG_7606-768x768.jpg 768w, https:\/\/www.cristina-flamenco.ch\/wp-content\/uploads\/2021\/04\/dIMG_7606.jpg 800w\" sizes=\"auto, (max-width: 200px) 100vw, 200px\" \/><\/a> <a href=\"https:\/\/www.cristina-flamenco.ch\/wp-content\/uploads\/2021\/04\/bIMG_7831.jpg\"><img loading=\"lazy\" decoding=\"async\" class=\"alignnone wp-image-637\" src=\"https:\/\/www.cristina-flamenco.ch\/wp-content\/uploads\/2021\/04\/bIMG_7831-e1618336932899-300x247.jpg\" alt=\"\" width=\"243\" height=\"200\" srcset=\"https:\/\/www.cristina-flamenco.ch\/wp-content\/uploads\/2021\/04\/bIMG_7831-e1618336932899-300x247.jpg 300w, https:\/\/www.cristina-flamenco.ch\/wp-content\/uploads\/2021\/04\/bIMG_7831-e1618336932899-364x300.jpg 364w, https:\/\/www.cristina-flamenco.ch\/wp-content\/uploads\/2021\/04\/bIMG_7831-e1618336932899.jpg 648w\" sizes=\"auto, (max-width: 243px) 100vw, 243px\" \/><\/a> <a href=\"https:\/\/www.cristina-flamenco.ch\/wp-content\/uploads\/2021\/04\/fIMG_7779.jpg\"><img loading=\"lazy\" decoding=\"async\" class=\"alignnone wp-image-638 size-medium\" src=\"https:\/\/www.cristina-flamenco.ch\/wp-content\/uploads\/2021\/04\/fIMG_7779-300x200.jpg\" alt=\"\" width=\"300\" height=\"200\" srcset=\"https:\/\/www.cristina-flamenco.ch\/wp-content\/uploads\/2021\/04\/fIMG_7779-300x200.jpg 300w, https:\/\/www.cristina-flamenco.ch\/wp-content\/uploads\/2021\/04\/fIMG_7779-768x513.jpg 768w, https:\/\/www.cristina-flamenco.ch\/wp-content\/uploads\/2021\/04\/fIMG_7779-449x300.jpg 449w, https:\/\/www.cristina-flamenco.ch\/wp-content\/uploads\/2021\/04\/fIMG_7779.jpg 800w\" sizes=\"auto, (max-width: 300px) 100vw, 300px\" \/><\/a><\/p>\n<\/td>\n<\/tr>\n<tr>\n<td>\n<div><span lang=\"ES\">23 de agosto 2014 <\/span><\/div>\n<\/td>\n<td>\n<div><span lang=\"ES\">Caf\u00e9 flamenco- espect\u00e1culo con alumnos<\/span><\/div>\n<p><a href=\"https:\/\/www.cristina-flamenco.ch\/wp-content\/uploads\/2021\/04\/2014_flamencokaffee048-scaled.jpg\"><img loading=\"lazy\" decoding=\"async\" class=\"alignnone wp-image-496\" src=\"https:\/\/www.cristina-flamenco.ch\/wp-content\/uploads\/2021\/04\/2014_flamencokaffee048-200x300.jpg\" alt=\"\" width=\"133\" height=\"200\" srcset=\"https:\/\/www.cristina-flamenco.ch\/wp-content\/uploads\/2021\/04\/2014_flamencokaffee048-200x300.jpg 200w, https:\/\/www.cristina-flamenco.ch\/wp-content\/uploads\/2021\/04\/2014_flamencokaffee048-683x1024.jpg 683w, https:\/\/www.cristina-flamenco.ch\/wp-content\/uploads\/2021\/04\/2014_flamencokaffee048-768x1152.jpg 768w, https:\/\/www.cristina-flamenco.ch\/wp-content\/uploads\/2021\/04\/2014_flamencokaffee048-1024x1536.jpg 1024w, https:\/\/www.cristina-flamenco.ch\/wp-content\/uploads\/2021\/04\/2014_flamencokaffee048-1365x2048.jpg 1365w, https:\/\/www.cristina-flamenco.ch\/wp-content\/uploads\/2021\/04\/2014_flamencokaffee048-scaled.jpg 1707w\" sizes=\"auto, (max-width: 133px) 100vw, 133px\" \/> <\/a><a href=\"https:\/\/www.cristina-flamenco.ch\/wp-content\/uploads\/2021\/04\/2014_flamencokaffee179-scaled.jpg\"><img loading=\"lazy\" decoding=\"async\" class=\"alignnone wp-image-497\" src=\"https:\/\/www.cristina-flamenco.ch\/wp-content\/uploads\/2021\/04\/2014_flamencokaffee179-200x300.jpg\" alt=\"\" width=\"133\" height=\"200\" srcset=\"https:\/\/www.cristina-flamenco.ch\/wp-content\/uploads\/2021\/04\/2014_flamencokaffee179-200x300.jpg 200w, https:\/\/www.cristina-flamenco.ch\/wp-content\/uploads\/2021\/04\/2014_flamencokaffee179-683x1024.jpg 683w, https:\/\/www.cristina-flamenco.ch\/wp-content\/uploads\/2021\/04\/2014_flamencokaffee179-768x1152.jpg 768w, https:\/\/www.cristina-flamenco.ch\/wp-content\/uploads\/2021\/04\/2014_flamencokaffee179-1024x1536.jpg 1024w, https:\/\/www.cristina-flamenco.ch\/wp-content\/uploads\/2021\/04\/2014_flamencokaffee179-1365x2048.jpg 1365w, https:\/\/www.cristina-flamenco.ch\/wp-content\/uploads\/2021\/04\/2014_flamencokaffee179-scaled.jpg 1707w\" sizes=\"auto, (max-width: 133px) 100vw, 133px\" \/><\/a><\/p>\n<\/td>\n<\/tr>\n<tr>\n<td>\n<div><span lang=\"ES\">26\/27 de setiembre 2013 <\/span><\/div>\n<\/td>\n<td>\n<div><span lang=\"ES\">Chappelehof, Wohlen, y Primavista, Baden con noche flamenca<\/span><\/div>\n<p><a href=\"https:\/\/www.cristina-flamenco.ch\/wp-content\/uploads\/2021\/04\/2013_09_wohlen_015-scaled.jpg\"><img loading=\"lazy\" decoding=\"async\" class=\"alignnone wp-image-386 size-medium\" src=\"https:\/\/www.cristina-flamenco.ch\/wp-content\/uploads\/2021\/04\/2013_09_wohlen_015-300x200.jpg\" alt=\"\" width=\"300\" height=\"200\" srcset=\"https:\/\/www.cristina-flamenco.ch\/wp-content\/uploads\/2021\/04\/2013_09_wohlen_015-300x200.jpg 300w, https:\/\/www.cristina-flamenco.ch\/wp-content\/uploads\/2021\/04\/2013_09_wohlen_015-1024x683.jpg 1024w, https:\/\/www.cristina-flamenco.ch\/wp-content\/uploads\/2021\/04\/2013_09_wohlen_015-768x512.jpg 768w, https:\/\/www.cristina-flamenco.ch\/wp-content\/uploads\/2021\/04\/2013_09_wohlen_015-1536x1024.jpg 1536w, https:\/\/www.cristina-flamenco.ch\/wp-content\/uploads\/2021\/04\/2013_09_wohlen_015-2048x1365.jpg 2048w, https:\/\/www.cristina-flamenco.ch\/wp-content\/uploads\/2021\/04\/2013_09_wohlen_015-450x300.jpg 450w\" sizes=\"auto, (max-width: 300px) 100vw, 300px\" \/><\/a> <a href=\"https:\/\/www.cristina-flamenco.ch\/wp-content\/uploads\/2021\/04\/2013_09_wohlen_050-scaled.jpg\"><img loading=\"lazy\" decoding=\"async\" class=\"alignnone wp-image-387 size-medium\" src=\"https:\/\/www.cristina-flamenco.ch\/wp-content\/uploads\/2021\/04\/2013_09_wohlen_050-300x200.jpg\" alt=\"\" width=\"300\" height=\"200\" srcset=\"https:\/\/www.cristina-flamenco.ch\/wp-content\/uploads\/2021\/04\/2013_09_wohlen_050-300x200.jpg 300w, https:\/\/www.cristina-flamenco.ch\/wp-content\/uploads\/2021\/04\/2013_09_wohlen_050-1024x683.jpg 1024w, https:\/\/www.cristina-flamenco.ch\/wp-content\/uploads\/2021\/04\/2013_09_wohlen_050-768x512.jpg 768w, https:\/\/www.cristina-flamenco.ch\/wp-content\/uploads\/2021\/04\/2013_09_wohlen_050-1536x1024.jpg 1536w, https:\/\/www.cristina-flamenco.ch\/wp-content\/uploads\/2021\/04\/2013_09_wohlen_050-2048x1365.jpg 2048w, https:\/\/www.cristina-flamenco.ch\/wp-content\/uploads\/2021\/04\/2013_09_wohlen_050-450x300.jpg 450w\" sizes=\"auto, (max-width: 300px) 100vw, 300px\" \/><\/a><\/p>\n<\/td>\n<\/tr>\n<tr>\n<td>\n<div><span lang=\"ES\">29 de junio 2013 <\/span><\/div>\n<\/td>\n<td>\n<div><span lang=\"ES\">Caf\u00e9 flamenco- espect\u00e1culo con alumnos<\/span><\/div>\n<p><a href=\"https:\/\/www.cristina-flamenco.ch\/wp-content\/uploads\/2021\/04\/88A8016.jpg\"><img loading=\"lazy\" decoding=\"async\" class=\"alignnone wp-image-670\" src=\"https:\/\/www.cristina-flamenco.ch\/wp-content\/uploads\/2021\/04\/88A8016-200x300.jpg\" alt=\"\" width=\"133\" height=\"200\" srcset=\"https:\/\/www.cristina-flamenco.ch\/wp-content\/uploads\/2021\/04\/88A8016-200x300.jpg 200w, https:\/\/www.cristina-flamenco.ch\/wp-content\/uploads\/2021\/04\/88A8016-683x1024.jpg 683w, https:\/\/www.cristina-flamenco.ch\/wp-content\/uploads\/2021\/04\/88A8016-768x1152.jpg 768w, https:\/\/www.cristina-flamenco.ch\/wp-content\/uploads\/2021\/04\/88A8016-1024x1536.jpg 1024w, https:\/\/www.cristina-flamenco.ch\/wp-content\/uploads\/2021\/04\/88A8016.jpg 1200w\" sizes=\"auto, (max-width: 133px) 100vw, 133px\" \/> <\/a><a href=\"https:\/\/www.cristina-flamenco.ch\/wp-content\/uploads\/2021\/04\/88A8109.jpg\"><img loading=\"lazy\" decoding=\"async\" class=\"alignnone size-medium wp-image-671\" src=\"https:\/\/www.cristina-flamenco.ch\/wp-content\/uploads\/2021\/04\/88A8109-300x200.jpg\" alt=\"\" width=\"300\" height=\"200\" srcset=\"https:\/\/www.cristina-flamenco.ch\/wp-content\/uploads\/2021\/04\/88A8109-300x200.jpg 300w, https:\/\/www.cristina-flamenco.ch\/wp-content\/uploads\/2021\/04\/88A8109-1024x683.jpg 1024w, https:\/\/www.cristina-flamenco.ch\/wp-content\/uploads\/2021\/04\/88A8109-768x512.jpg 768w, https:\/\/www.cristina-flamenco.ch\/wp-content\/uploads\/2021\/04\/88A8109-1536x1024.jpg 1536w, https:\/\/www.cristina-flamenco.ch\/wp-content\/uploads\/2021\/04\/88A8109-450x300.jpg 450w, https:\/\/www.cristina-flamenco.ch\/wp-content\/uploads\/2021\/04\/88A8109.jpg 1800w\" sizes=\"auto, (max-width: 300px) 100vw, 300px\" \/><\/a> <a href=\"https:\/\/www.cristina-flamenco.ch\/wp-content\/uploads\/2021\/04\/88A8114.jpg\"><img loading=\"lazy\" decoding=\"async\" class=\"size-medium wp-image-672 alignnone\" src=\"https:\/\/www.cristina-flamenco.ch\/wp-content\/uploads\/2021\/04\/88A8114-300x200.jpg\" alt=\"\" width=\"300\" height=\"200\" srcset=\"https:\/\/www.cristina-flamenco.ch\/wp-content\/uploads\/2021\/04\/88A8114-300x200.jpg 300w, https:\/\/www.cristina-flamenco.ch\/wp-content\/uploads\/2021\/04\/88A8114-1024x683.jpg 1024w, https:\/\/www.cristina-flamenco.ch\/wp-content\/uploads\/2021\/04\/88A8114-768x512.jpg 768w, https:\/\/www.cristina-flamenco.ch\/wp-content\/uploads\/2021\/04\/88A8114-1536x1024.jpg 1536w, https:\/\/www.cristina-flamenco.ch\/wp-content\/uploads\/2021\/04\/88A8114-450x300.jpg 450w, https:\/\/www.cristina-flamenco.ch\/wp-content\/uploads\/2021\/04\/88A8114.jpg 1800w\" sizes=\"auto, (max-width: 300px) 100vw, 300px\" \/><\/a><\/p>\n<\/td>\n<\/tr>\n<tr>\n<td>\n<div><span lang=\"ES\">15 de junio 2013 <\/span><\/div>\n<\/td>\n<td>Kulturkreis Surbtal con noche flamenca<br \/><a href=\"https:\/\/www.cristina-flamenco.ch\/wp-content\/uploads\/2021\/04\/2013_nocheflamenca_lengnau_455-scaled.jpg\"><img loading=\"lazy\" decoding=\"async\" class=\"alignnone wp-image-370 size-medium\" src=\"https:\/\/www.cristina-flamenco.ch\/wp-content\/uploads\/2021\/04\/2013_nocheflamenca_lengnau_455-300x200.jpg\" alt=\"\" width=\"300\" height=\"200\" srcset=\"https:\/\/www.cristina-flamenco.ch\/wp-content\/uploads\/2021\/04\/2013_nocheflamenca_lengnau_455-300x200.jpg 300w, https:\/\/www.cristina-flamenco.ch\/wp-content\/uploads\/2021\/04\/2013_nocheflamenca_lengnau_455-1024x683.jpg 1024w, https:\/\/www.cristina-flamenco.ch\/wp-content\/uploads\/2021\/04\/2013_nocheflamenca_lengnau_455-768x512.jpg 768w, https:\/\/www.cristina-flamenco.ch\/wp-content\/uploads\/2021\/04\/2013_nocheflamenca_lengnau_455-1536x1024.jpg 1536w, https:\/\/www.cristina-flamenco.ch\/wp-content\/uploads\/2021\/04\/2013_nocheflamenca_lengnau_455-2048x1365.jpg 2048w, https:\/\/www.cristina-flamenco.ch\/wp-content\/uploads\/2021\/04\/2013_nocheflamenca_lengnau_455-450x300.jpg 450w\" sizes=\"auto, (max-width: 300px) 100vw, 300px\" \/><\/a> <a href=\"https:\/\/www.cristina-flamenco.ch\/wp-content\/uploads\/2021\/04\/2013_nocheflamenca_lengnau_262-scaled.jpg\"><img loading=\"lazy\" decoding=\"async\" class=\"alignnone wp-image-371\" src=\"https:\/\/www.cristina-flamenco.ch\/wp-content\/uploads\/2021\/04\/2013_nocheflamenca_lengnau_262-200x300.jpg\" alt=\"\" width=\"133\" height=\"200\" srcset=\"https:\/\/www.cristina-flamenco.ch\/wp-content\/uploads\/2021\/04\/2013_nocheflamenca_lengnau_262-200x300.jpg 200w, https:\/\/www.cristina-flamenco.ch\/wp-content\/uploads\/2021\/04\/2013_nocheflamenca_lengnau_262-683x1024.jpg 683w, https:\/\/www.cristina-flamenco.ch\/wp-content\/uploads\/2021\/04\/2013_nocheflamenca_lengnau_262-768x1152.jpg 768w, https:\/\/www.cristina-flamenco.ch\/wp-content\/uploads\/2021\/04\/2013_nocheflamenca_lengnau_262-1024x1536.jpg 1024w, https:\/\/www.cristina-flamenco.ch\/wp-content\/uploads\/2021\/04\/2013_nocheflamenca_lengnau_262-1365x2048.jpg 1365w, https:\/\/www.cristina-flamenco.ch\/wp-content\/uploads\/2021\/04\/2013_nocheflamenca_lengnau_262-scaled.jpg 1707w\" sizes=\"auto, (max-width: 133px) 100vw, 133px\" \/><\/a> <a href=\"https:\/\/www.cristina-flamenco.ch\/wp-content\/uploads\/2021\/04\/2013_nocheflamenca_lengnau_321-scaled.jpg\"><img loading=\"lazy\" decoding=\"async\" class=\"alignnone wp-image-374 size-medium\" src=\"https:\/\/www.cristina-flamenco.ch\/wp-content\/uploads\/2021\/04\/2013_nocheflamenca_lengnau_321-300x200.jpg\" alt=\"\" width=\"300\" height=\"200\" srcset=\"https:\/\/www.cristina-flamenco.ch\/wp-content\/uploads\/2021\/04\/2013_nocheflamenca_lengnau_321-300x200.jpg 300w, https:\/\/www.cristina-flamenco.ch\/wp-content\/uploads\/2021\/04\/2013_nocheflamenca_lengnau_321-1024x683.jpg 1024w, https:\/\/www.cristina-flamenco.ch\/wp-content\/uploads\/2021\/04\/2013_nocheflamenca_lengnau_321-768x512.jpg 768w, https:\/\/www.cristina-flamenco.ch\/wp-content\/uploads\/2021\/04\/2013_nocheflamenca_lengnau_321-1536x1024.jpg 1536w, https:\/\/www.cristina-flamenco.ch\/wp-content\/uploads\/2021\/04\/2013_nocheflamenca_lengnau_321-2048x1365.jpg 2048w, https:\/\/www.cristina-flamenco.ch\/wp-content\/uploads\/2021\/04\/2013_nocheflamenca_lengnau_321-450x300.jpg 450w\" sizes=\"auto, (max-width: 300px) 100vw, 300px\" \/><\/a><\/td>\n<\/tr>\n<tr>\n<td>\n<div><span lang=\"ES\">8 de junio 2013 <\/span><\/div>\n<\/td>\n<td>\n<div><span lang=\"ES\">Ammelem\u00e4hler T\u00e4gerig con noche flamenca<\/span><\/div>\n<p><a href=\"https:\/\/www.cristina-flamenco.ch\/wp-content\/uploads\/2021\/04\/2013_nocheflamenca_tNgerig008-scaled.jpg\"><img loading=\"lazy\" decoding=\"async\" class=\"alignnone wp-image-365 size-medium\" src=\"https:\/\/www.cristina-flamenco.ch\/wp-content\/uploads\/2021\/04\/2013_nocheflamenca_tNgerig008-300x200.jpg\" alt=\"\" width=\"300\" height=\"200\" srcset=\"https:\/\/www.cristina-flamenco.ch\/wp-content\/uploads\/2021\/04\/2013_nocheflamenca_tNgerig008-300x200.jpg 300w, https:\/\/www.cristina-flamenco.ch\/wp-content\/uploads\/2021\/04\/2013_nocheflamenca_tNgerig008-1024x683.jpg 1024w, https:\/\/www.cristina-flamenco.ch\/wp-content\/uploads\/2021\/04\/2013_nocheflamenca_tNgerig008-768x512.jpg 768w, https:\/\/www.cristina-flamenco.ch\/wp-content\/uploads\/2021\/04\/2013_nocheflamenca_tNgerig008-1536x1024.jpg 1536w, https:\/\/www.cristina-flamenco.ch\/wp-content\/uploads\/2021\/04\/2013_nocheflamenca_tNgerig008-2048x1365.jpg 2048w, https:\/\/www.cristina-flamenco.ch\/wp-content\/uploads\/2021\/04\/2013_nocheflamenca_tNgerig008-450x300.jpg 450w\" sizes=\"auto, (max-width: 300px) 100vw, 300px\" \/><\/a> <a href=\"https:\/\/www.cristina-flamenco.ch\/wp-content\/uploads\/2021\/04\/2013_nocheflamenca_tNgerig131-scaled.jpg\"><img loading=\"lazy\" decoding=\"async\" class=\"alignnone wp-image-367 size-medium\" src=\"https:\/\/www.cristina-flamenco.ch\/wp-content\/uploads\/2021\/04\/2013_nocheflamenca_tNgerig131-300x200.jpg\" alt=\"\" width=\"300\" height=\"200\" srcset=\"https:\/\/www.cristina-flamenco.ch\/wp-content\/uploads\/2021\/04\/2013_nocheflamenca_tNgerig131-300x200.jpg 300w, https:\/\/www.cristina-flamenco.ch\/wp-content\/uploads\/2021\/04\/2013_nocheflamenca_tNgerig131-1024x683.jpg 1024w, https:\/\/www.cristina-flamenco.ch\/wp-content\/uploads\/2021\/04\/2013_nocheflamenca_tNgerig131-768x512.jpg 768w, https:\/\/www.cristina-flamenco.ch\/wp-content\/uploads\/2021\/04\/2013_nocheflamenca_tNgerig131-1536x1024.jpg 1536w, https:\/\/www.cristina-flamenco.ch\/wp-content\/uploads\/2021\/04\/2013_nocheflamenca_tNgerig131-2048x1365.jpg 2048w, https:\/\/www.cristina-flamenco.ch\/wp-content\/uploads\/2021\/04\/2013_nocheflamenca_tNgerig131-450x300.jpg 450w\" sizes=\"auto, (max-width: 300px) 100vw, 300px\" \/><\/a><\/p>\n<\/td>\n<\/tr>\n<tr>\n<td>\n<div><span lang=\"ES\">3 de marzo 2012 <\/span><\/div>\n<\/td>\n<td>\n<div><span lang=\"ES\">Caf\u00e9 flamenco- espect\u00e1culo con alumnos<br \/><\/span><a href=\"https:\/\/www.cristina-flamenco.ch\/wp-content\/uploads\/2021\/04\/3-3-12.jpg\"><img loading=\"lazy\" decoding=\"async\" class=\"alignnone wp-image-669\" src=\"https:\/\/www.cristina-flamenco.ch\/wp-content\/uploads\/2021\/04\/3-3-12-300x300.jpg\" alt=\"\" width=\"200\" height=\"200\" srcset=\"https:\/\/www.cristina-flamenco.ch\/wp-content\/uploads\/2021\/04\/3-3-12-300x300.jpg 300w, https:\/\/www.cristina-flamenco.ch\/wp-content\/uploads\/2021\/04\/3-3-12-1024x1024.jpg 1024w, https:\/\/www.cristina-flamenco.ch\/wp-content\/uploads\/2021\/04\/3-3-12-150x150.jpg 150w, https:\/\/www.cristina-flamenco.ch\/wp-content\/uploads\/2021\/04\/3-3-12-768x768.jpg 768w, https:\/\/www.cristina-flamenco.ch\/wp-content\/uploads\/2021\/04\/3-3-12-1536x1536.jpg 1536w, https:\/\/www.cristina-flamenco.ch\/wp-content\/uploads\/2021\/04\/3-3-12.jpg 1800w\" sizes=\"auto, (max-width: 200px) 100vw, 200px\" \/><\/a><\/div>\n<\/td>\n<\/tr>\n<tr>\n<td>\n<div><span lang=\"FR-CH\">8 de setiembre 2012 <\/span><\/div>\n<\/td>\n<td>\n<div><span lang=\"FR-CH\">Philosophe Dielsdorf, Primavista, Baden con noche flamenca<\/span><\/div>\n<p><a href=\"https:\/\/www.cristina-flamenco.ch\/wp-content\/uploads\/2021\/04\/88A4096-scaled.jpg\"><img loading=\"lazy\" decoding=\"async\" class=\"alignnone wp-image-357 size-medium\" src=\"https:\/\/www.cristina-flamenco.ch\/wp-content\/uploads\/2021\/04\/88A4096-300x200.jpg\" alt=\"\" width=\"300\" height=\"200\" srcset=\"https:\/\/www.cristina-flamenco.ch\/wp-content\/uploads\/2021\/04\/88A4096-300x200.jpg 300w, https:\/\/www.cristina-flamenco.ch\/wp-content\/uploads\/2021\/04\/88A4096-1024x683.jpg 1024w, https:\/\/www.cristina-flamenco.ch\/wp-content\/uploads\/2021\/04\/88A4096-768x512.jpg 768w, https:\/\/www.cristina-flamenco.ch\/wp-content\/uploads\/2021\/04\/88A4096-1536x1024.jpg 1536w, https:\/\/www.cristina-flamenco.ch\/wp-content\/uploads\/2021\/04\/88A4096-2048x1365.jpg 2048w, https:\/\/www.cristina-flamenco.ch\/wp-content\/uploads\/2021\/04\/88A4096-450x300.jpg 450w\" sizes=\"auto, (max-width: 300px) 100vw, 300px\" \/><\/a> <a href=\"https:\/\/www.cristina-flamenco.ch\/wp-content\/uploads\/2021\/04\/88A3846-scaled.jpg\"><img loading=\"lazy\" decoding=\"async\" class=\"alignnone wp-image-360\" src=\"https:\/\/www.cristina-flamenco.ch\/wp-content\/uploads\/2021\/04\/88A3846-200x300.jpg\" alt=\"\" width=\"133\" height=\"200\" srcset=\"https:\/\/www.cristina-flamenco.ch\/wp-content\/uploads\/2021\/04\/88A3846-200x300.jpg 200w, https:\/\/www.cristina-flamenco.ch\/wp-content\/uploads\/2021\/04\/88A3846-683x1024.jpg 683w, https:\/\/www.cristina-flamenco.ch\/wp-content\/uploads\/2021\/04\/88A3846-768x1152.jpg 768w, https:\/\/www.cristina-flamenco.ch\/wp-content\/uploads\/2021\/04\/88A3846-1024x1536.jpg 1024w, https:\/\/www.cristina-flamenco.ch\/wp-content\/uploads\/2021\/04\/88A3846-1365x2048.jpg 1365w, https:\/\/www.cristina-flamenco.ch\/wp-content\/uploads\/2021\/04\/88A3846-scaled.jpg 1707w\" sizes=\"auto, (max-width: 133px) 100vw, 133px\" \/><\/a><\/p>\n<\/td>\n<\/tr>\n<tr>\n<td>2012\u00a0<\/td>\n<td>\n<div><span lang=\"ES\">Kurtheater Baden, Teatro de Basilea (foyer), espect\u00e1culo con alumnos<\/span><\/div>\n<\/td>\n<\/tr>\n<tr>\n<td>2010<\/td>\n<td>\n<div><span lang=\"ES\">Actuaci\u00f3n en el festival de flamenco en el teatro de Baden, clases en Wettingen, Basilea y W\u00fcrenlingen<\/span><\/div>\n<\/td>\n<\/tr>\n<tr>\n<td>2009<\/td>\n<td>\n<div><span lang=\"ES\">Actuaci\u00f3n en el teatro Arkadas en Colonia, actuaci\u00f3n de alumnos en un festival de juventud en el Foyer del teatro de Basilea<\/span><\/div>\n<\/td>\n<\/tr>\n<tr>\n<td>2007<\/td>\n<td>\n<div><span lang=\"ES\">Traslado a Suiza, sustituta de Elena Vicini en las clases de la \u00f3pera de Z\u00farich y en Basilea, actuaciones en la Dampfzentrale Bern, colaboraci\u00f3n en el espect\u00e1culo de Art on Ice 2007 en Z\u00farich y Lausanne bajo el mando de Elena Vicini<\/span><\/div>\n<\/td>\n<\/tr>\n<tr>\n<td>2006<\/td>\n<td>\n<div><span lang=\"ES\">Actuaci\u00f3n en la Zeche Carl en Essen, Alemania, y en el Comoedienhaus en Hanau, Alemania<\/span><\/div>\n<\/td>\n<\/tr>\n<tr>\n<td>2001<\/td>\n<td>\n<p>Fundaci\u00f3n de Encuentr\u00edo con Camille van Lunen, soprano, y Wulfin Lieske, guitarra cl\u00e1sica, con repertorio espa\u00f1ol-cl\u00e1sico de Manuel de Falla, Isaac Alb\u00e9niz y compositores contempor\u00e1neos, actuaciones en famosas salas por toda Alemania<\/p>\n<\/td>\n<\/tr>\n<tr>\n<td>1996<\/td>\n<td>\n<div><span lang=\"ES\">Fundaci\u00f3n, junto a Tom\u00e1s Zybura, de la academia de baile Contratiempo en Colonia. La academia es todav\u00eda una de las m\u00e1s grandes academias de baile flamenco de Alemania. En 2006 tuvo un total de 230 alumnas\/os.<\/span><\/div>\n<\/td>\n<\/tr>\n<tr>\n<td>1995<\/td>\n<td>\n<div><span lang=\"ES\">Traslado a Colonia, fundaci\u00f3n de Amanecer, grupo de flamenco de 6 artistas, junto a Tom\u00e1s Zybura y Alexander Gavil\u00e1n. Con esta formaci\u00f3n y sus tres programas diferentes actu\u00e9 hasta 2004 por toda Alemania.<\/span><\/div>\n<\/td>\n<\/tr>\n<tr>\n<td>1985 bis 1995\u00a0<\/td>\n<td>\n<p>Estancia en Espa\u00f1a, clases de baile flamenco, entre otros, con Maria Magdalena, Ciro, El G\u00fcito, Carmen Cort\u00e9s, Domingo Ortega, Bel\u00e9n Maya, Adri\u00e1n Gal\u00eda, La China, etc.<\/p>\n<p>Jota con Pedro Azor\u00edn, cl\u00e1sico Espa\u00f1ol con Pacita y Joaqu\u00edn y Paco Romero, balet cl\u00e1sico en la escuela de V\u00edctor Ullate. Contratos con los grupos Ballet Miguel Prada (1988-1990), Suite Espa\u00f1ola (1994) y Ballet Rafael Aguilar (1995), adem\u00e1s actuaciones en diferentes tablaos flamencos en Madrid y alrededores.<\/p>\n<\/td>\n<\/tr>\n<tr>\n<td>1983<\/td>\n<td>\n<div><span lang=\"ES\">primeros pasos de baile flamenco con Werner Gross, Basilea, y despu\u00e9s con La Carbona, Berna y Basilea<\/span><\/div>\n<\/td>\n<\/tr>\n<tr>\n<td colspan=\"2\">\n<p>Nacida en Basilea en el seno de una familia de artistas, empec\u00e9 con clases de viol\u00edn a los seis a\u00f1os y estudiaba bailes regionales en el conservatorio de Basilea.<\/p>\n<p>Saqu\u00e9 el titulo de traductora alem\u00e1n\/espa\u00f1ol en la Universidad Complutense de Madrid y estuve trabajando durante cuatro a\u00f1os como asistente de redacci\u00f3n en el estudio de la televisi\u00f3n alemana ZDF en Madrid.<\/p>\n<p>En Colonia estuve estudiando musicolog\u00eda durante 6 trimestres. Sigo tocando el viol\u00edn, lo que suelo aprovechar para mis programas de flamenco. Me gusta la lectura y me apasiona todo lo relacionado con arte y cultura. Me gusta esquiar y disfruto estando en la naturaleza. Desde el a\u00f1o 2013 trabajo como pedagoga rural en los bosque con ni\u00f1os de 3 y 4 a\u00f1os. Estoy casada y vivo con mi marido, nuestro hijo (*2004) y nuestra hija (*2008) en W\u00fcrenlingen, Suiza.<\/p>\n<\/td>\n<\/tr>\n<\/tbody>\n<\/table>","protected":false},"excerpt":{"rendered":"<p>Cristina Haas Wilms Vita 25 de mayo 2025 Baile flamenco en la \u00abnoche larga de la iglesia\u00bb, ref. Kirche Untersiggenthal 20 de\u00a0 octubre 2024 Flamencokaffee &hellip;<\/p>\n","protected":false},"author":1,"featured_media":665,"parent":0,"menu_order":40,"comment_status":"closed","ping_status":"closed","template":"","meta":{"footnotes":""},"class_list":["post-711","page","type-page","status-publish","has-post-thumbnail","hentry"],"_links":{"self":[{"href":"https:\/\/www.cristina-flamenco.ch\/es\/wp-json\/wp\/v2\/pages\/711","targetHints":{"allow":["GET"]}}],"collection":[{"href":"https:\/\/www.cristina-flamenco.ch\/es\/wp-json\/wp\/v2\/pages"}],"about":[{"href":"https:\/\/www.cristina-flamenco.ch\/es\/wp-json\/wp\/v2\/types\/page"}],"author":[{"embeddable":true,"href":"https:\/\/www.cristina-flamenco.ch\/es\/wp-json\/wp\/v2\/users\/1"}],"replies":[{"embeddable":true,"href":"https:\/\/www.cristina-flamenco.ch\/es\/wp-json\/wp\/v2\/comments?post=711"}],"version-history":[{"count":91,"href":"https:\/\/www.cristina-flamenco.ch\/es\/wp-json\/wp\/v2\/pages\/711\/revisions"}],"predecessor-version":[{"id":1964,"href":"https:\/\/www.cristina-flamenco.ch\/es\/wp-json\/wp\/v2\/pages\/711\/revisions\/1964"}],"wp:featuredmedia":[{"embeddable":true,"href":"https:\/\/www.cristina-flamenco.ch\/es\/wp-json\/wp\/v2\/media\/665"}],"wp:attachment":[{"href":"https:\/\/www.cristina-flamenco.ch\/es\/wp-json\/wp\/v2\/media?parent=711"}],"curies":[{"name":"wp","href":"https:\/\/api.w.org\/{rel}","templated":true}]}}